{"id":19,"date":"2020-03-25T15:49:37","date_gmt":"2020-03-25T15:49:37","guid":{"rendered":"https:\/\/fabrique.gaengeviertel.de\/?page_id=19"},"modified":"2024-04-02T13:40:15","modified_gmt":"2024-04-02T13:40:15","slug":"nutzung","status":"publish","type":"page","link":"https:\/\/fabrique.gaengeviertel.de\/index.php\/nutzung\/","title":{"rendered":"Nutzung"},"content":{"rendered":"\t\t<div data-elementor-type=\"wp-page\" data-elementor-id=\"19\" class=\"elementor elementor-19\">\n\t\t\t\t\t\t<section class=\"elementor-section elementor-top-section elementor-element elementor-element-9fd8204 elementor-section-boxed elementor-section-height-default elementor-section-height-default\" data-id=\"9fd8204\" data-element_type=\"section\">\n\t\t\t\t\t\t<div class=\"elementor-container elementor-column-gap-default\">\n\t\t\t\t\t<div class=\"elementor-column elementor-col-100 elementor-top-column elementor-element elementor-element-8cc449b\" data-id=\"8cc449b\" data-element_type=\"column\">\n\t\t\t<div class=\"elementor-widget-wrap elementor-element-populated\">\n\t\t\t\t\t\t<div class=\"elementor-element elementor-element-6ee946f elementor-widget elementor-widget-heading\" data-id=\"6ee946f\" data-element_type=\"widget\" data-widget_type=\"heading.default\">\n\t\t\t\t<div class=\"elementor-widget-container\">\n\t\t\t\t\t<h2 class=\"elementor-heading-title elementor-size-default\">Die FABRIQUE ist das Herzst\u00fcck des G\u00e4ngeviertels und ein kultureller Freiraum f\u00fcr Musik, Kunst, Kultur, Politik, Bildung und Soziales.<\/h2>\t\t\t\t<\/div>\n\t\t\t\t<\/div>\n\t\t\t\t<div class=\"elementor-element elementor-element-5706d77 elementor-widget elementor-widget-spacer\" data-id=\"5706d77\" data-element_type=\"widget\" data-widget_type=\"spacer.default\">\n\t\t\t\t<div class=\"elementor-widget-container\">\n\t\t\t\t\t\t\t<div class=\"elementor-spacer\">\n\t\t\t<div class=\"elementor-spacer-inner\"><\/div>\n\t\t<\/div>\n\t\t\t\t\t\t<\/div>\n\t\t\t\t<\/div>\n\t\t\t\t\t<\/div>\n\t\t<\/div>\n\t\t\t\t\t<\/div>\n\t\t<\/section>\n\t\t\t\t<section class=\"elementor-section elementor-top-section elementor-element elementor-element-2ad4d7a elementor-section-boxed elementor-section-height-default elementor-section-height-default\" data-id=\"2ad4d7a\" data-element_type=\"section\">\n\t\t\t\t\t\t<div class=\"elementor-container elementor-column-gap-default\">\n\t\t\t\t\t<div class=\"elementor-column elementor-col-50 elementor-top-column elementor-element elementor-element-2247691\" data-id=\"2247691\" data-element_type=\"column\">\n\t\t\t<div class=\"elementor-widget-wrap elementor-element-populated\">\n\t\t\t\t\t\t<div class=\"elementor-element elementor-element-65e6a70 elementor-arrows-position-inside elementor-widget elementor-widget-image-carousel\" data-id=\"65e6a70\" data-element_type=\"widget\" data-settings=\"{&quot;navigation&quot;:&quot;arrows&quot;,&quot;autoplay&quot;:&quot;yes&quot;,&quot;pause_on_hover&quot;:&quot;yes&quot;,&quot;pause_on_interaction&quot;:&quot;yes&quot;,&quot;autoplay_speed&quot;:5000,&quot;infinite&quot;:&quot;yes&quot;,&quot;speed&quot;:500}\" data-widget_type=\"image-carousel.default\">\n\t\t\t\t<div class=\"elementor-widget-container\">\n\t\t\t\t\t\t\t<div class=\"elementor-image-carousel-wrapper swiper\" role=\"region\" aria-roledescription=\"carousel\" aria-label=\"Bild Karussell\" dir=\"ltr\">\n\t\t\t<div class=\"elementor-image-carousel swiper-wrapper\" aria-live=\"off\">\n\t\t\t\t\t\t\t\t<div class=\"swiper-slide\" role=\"group\" aria-roledescription=\"slide\" aria-label=\"1 von 1\"><figure class=\"swiper-slide-inner\"><img decoding=\"async\" class=\"swiper-slide-image\" src=\"https:\/\/fabrique.gaengeviertel.de\/wp-content\/uploads\/2020\/04\/fabrik_lookinside_sketch_02_klein.jpg\" alt=\"Bild: Markus Mross\" \/><\/figure><\/div>\t\t\t<\/div>\n\t\t\t\t\t<\/div>\n\t\t\t\t\t\t<\/div>\n\t\t\t\t<\/div>\n\t\t\t\t\t<\/div>\n\t\t<\/div>\n\t\t\t\t<div class=\"elementor-column elementor-col-50 elementor-top-column elementor-element elementor-element-7622c4f\" data-id=\"7622c4f\" data-element_type=\"column\">\n\t\t\t<div class=\"elementor-widget-wrap elementor-element-populated\">\n\t\t\t\t\t\t<div class=\"elementor-element elementor-element-ca9b453 elementor-widget elementor-widget-text-editor\" data-id=\"ca9b453\" data-element_type=\"widget\" data-widget_type=\"text-editor.default\">\n\t\t\t\t<div class=\"elementor-widget-container\">\n\t\t\t\t\t\t\t\t\t<p>In den f\u00fcnf Geschossen des 1903 erbauten Geb\u00e4udes gibt es jeweils zwei Nutzungseinheiten zwischen je 100 und 130 Quadratmetern. Genutzt werden sie als\u00a0<\/p><p>(Keller + EG S\u00fcd) <a style=\"font-size: 1.125rem; text-decoration-line: none; background-color: #ffffff; outline: 0px;\" href=\"https:\/\/fabrique.gaengeviertel.de\/index.php\/saal\/\">Veranstaltungs- und Konzertfl\u00e4che<\/a><br \/>(EG Nord)<a style=\"background-color: #ffffff;\" href=\"https:\/\/fabrique.gaengeviertel.de\/index.php\/mom-art-space\/\">MOM Artspace: Kunst- und\u00a0 Ausstellungsraum<\/a><br \/>(1. OG S\u00fcd) <a style=\"background-color: #ffffff;\" href=\"https:\/\/fabrique.gaengeviertel.de\/index.php\/farbfabrique\/\">Farbfabrique: Werkstatt f\u00fcr Kunst und Siebdruck<\/a><br \/>(1. OG Nord)<a style=\"text-decoration-line: none; background-color: #ffffff; outline: 0px;\" href=\"https:\/\/fabrique.gaengeviertel.de\/index.php\/amargi\/\"> Amargi: K\u00fcche und Projektraum<\/a><br \/>(2. OG S\u00fcd) <a style=\"text-decoration-line: none; background-color: #ffffff; outline: 0px;\" href=\"https:\/\/fabrique.gaengeviertel.de\/index.php\/bewegungsraum\/\">Bewegungsraum<\/a><br \/>(2. &amp; 3. OG Nord) <a style=\"background-color: #ffffff;\" href=\"https:\/\/fabrique.gaengeviertel.de\/index.php\/freies-sender-kombinat\/\">Radiosender<\/a><br \/>(3. OG S\u00fcd) <a style=\"background-color: #ffffff;\" href=\"https:\/\/fabrique.gaengeviertel.de\/index.php\/keller\/\">Probeb\u00fchne: Proberaum f\u00fcr die Performing Arts<\/a><br \/>(4. OG S\u00fcd)<a href=\"https:\/\/fabrique.gaengeviertel.de\/index.php\/fotofabrique\/\"> Fotofabrique: Fotostudio<\/a>\u00a0und\u00a0<br \/>(4. OG Nord) <a href=\"https:\/\/fabrique.gaengeviertel.de\/index.php\/seminarraum\/\">Seminarraum<\/a>.<\/p>\t\t\t\t\t\t\t\t<\/div>\n\t\t\t\t<\/div>\n\t\t\t\t\t<\/div>\n\t\t<\/div>\n\t\t\t\t\t<\/div>\n\t\t<\/section>\n\t\t\t\t<\/div>\n\t\t","protected":false},"excerpt":{"rendered":"<p>Die FABRIQUE ist das Herzst\u00fcck des G\u00e4ngeviertels und ein kultureller Freiraum f\u00fcr Musik, Kunst, Kultur, Politik, Bildung und Soziales. In den f\u00fcnf Geschossen des 1903 [&#8230;]<\/p>\n","protected":false},"author":2,"featured_media":0,"parent":0,"menu_order":0,"comment_status":"closed","ping_status":"closed","template":"","meta":{"footnotes":""},"class_list":["post-19","page","type-page","status-publish","hentry"],"_links":{"self":[{"href":"https:\/\/fabrique.gaengeviertel.de\/index.php\/wp-json\/wp\/v2\/pages\/19","targetHints":{"allow":["GET"]}}],"collection":[{"href":"https:\/\/fabrique.gaengeviertel.de\/index.php\/wp-json\/wp\/v2\/pages"}],"about":[{"href":"https:\/\/fabrique.gaengeviertel.de\/index.php\/wp-json\/wp\/v2\/types\/page"}],"author":[{"embeddable":true,"href":"https:\/\/fabrique.gaengeviertel.de\/index.php\/wp-json\/wp\/v2\/users\/2"}],"replies":[{"embeddable":true,"href":"https:\/\/fabrique.gaengeviertel.de\/index.php\/wp-json\/wp\/v2\/comments?post=19"}],"version-history":[{"count":9,"href":"https:\/\/fabrique.gaengeviertel.de\/index.php\/wp-json\/wp\/v2\/pages\/19\/revisions"}],"predecessor-version":[{"id":928,"href":"https:\/\/fabrique.gaengeviertel.de\/index.php\/wp-json\/wp\/v2\/pages\/19\/revisions\/928"}],"wp:attachment":[{"href":"https:\/\/fabrique.gaengeviertel.de\/index.php\/wp-json\/wp\/v2\/media?parent=19"}],"curies":[{"name":"wp","href":"https:\/\/api.w.org\/{rel}","templated":true}]}}