{"id":21,"date":"2020-03-25T15:49:37","date_gmt":"2020-03-25T15:49:37","guid":{"rendered":"https:\/\/fabrique.gaengeviertel.de\/?page_id=21"},"modified":"2026-04-08T09:50:55","modified_gmt":"2026-04-08T09:50:55","slug":"saal","status":"publish","type":"page","link":"https:\/\/fabrique.gaengeviertel.de\/index.php\/saal\/","title":{"rendered":"Saal"},"content":{"rendered":"\t\t<div data-elementor-type=\"wp-page\" data-elementor-id=\"21\" class=\"elementor elementor-21\">\n\t\t\t\t\t\t<section class=\"elementor-section elementor-top-section elementor-element elementor-element-0099699 elementor-section-boxed elementor-section-height-default elementor-section-height-default\" data-id=\"0099699\" data-element_type=\"section\">\n\t\t\t\t\t\t<div class=\"elementor-container elementor-column-gap-default\">\n\t\t\t\t\t<div class=\"elementor-column elementor-col-50 elementor-top-column elementor-element elementor-element-7750745\" data-id=\"7750745\" data-element_type=\"column\">\n\t\t\t<div class=\"elementor-widget-wrap elementor-element-populated\">\n\t\t\t\t\t\t<div class=\"elementor-element elementor-element-a993ab6 elementor-widget elementor-widget-heading\" data-id=\"a993ab6\" data-element_type=\"widget\" data-widget_type=\"heading.default\">\n\t\t\t\t<div class=\"elementor-widget-container\">\n\t\t\t\t\t<h2 class=\"elementor-heading-title elementor-size-default\">Der Saal ist ein multifunktionaler Veranstaltungsraum!<\/h2>\t\t\t\t<\/div>\n\t\t\t\t<\/div>\n\t\t\t\t<div class=\"elementor-element elementor-element-3374a3a elementor-widget elementor-widget-text-editor\" data-id=\"3374a3a\" data-element_type=\"widget\" data-widget_type=\"text-editor.default\">\n\t\t\t\t<div class=\"elementor-widget-container\">\n\t\t\t\t\t\t\t\t\t<p><span style=\"background-color: var(--page-background-color);\"><br \/>Dort wird gefeiert und getanzt, die B\u00fchne steht f\u00fcr Konzerte, Variet\u00e9s, Theaterst\u00fccke, Performances, Lesungen, Diskussionsrunden und viele weitere Formate bereit. <\/span><span style=\"background-color: var(--page-background-color);\">Hier soll vor allem dem musikalischen Nachwuchs eine B\u00fchne geboten werden und auch unerfahrene Veranstalter*innen k\u00f6nnen sich ausprobieren und entwickeln. Wir empfinden den Saal und das Viertel<\/span><span style=\"background-color: var(--page-background-color);\">\u00a0als Plattform, die zu Inspiration, Austausch und k\u00fcnstlerischer Entwicklung beitr\u00e4gt.<\/span><span style=\"background-color: var(--page-background-color);\"><br \/><\/span><\/p>\t\t\t\t\t\t\t\t<\/div>\n\t\t\t\t<\/div>\n\t\t\t\t\t<\/div>\n\t\t<\/div>\n\t\t\t\t<div class=\"elementor-column elementor-col-50 elementor-top-column elementor-element elementor-element-5e787b6\" data-id=\"5e787b6\" data-element_type=\"column\">\n\t\t\t<div class=\"elementor-widget-wrap elementor-element-populated\">\n\t\t\t\t\t\t<div class=\"elementor-element elementor-element-6c087b2 elementor-widget elementor-widget-text-editor\" data-id=\"6c087b2\" data-element_type=\"widget\" data-widget_type=\"text-editor.default\">\n\t\t\t\t<div class=\"elementor-widget-container\">\n\t\t\t\t\t\t\t\t\t<p>Teilhabe ist uns ein sehr gro\u00dfes Anliegen und auch Publikum mit kleinem Geldbeutel soll an all unseren Veranstaltungen teilnehmen k\u00f6nnen. Feste Eintritts- und Getr\u00e4nkepreise gibt es bei uns nicht; genauso wenig wie kommerzielle Veranstaltungen oder Vermietungen f\u00fcr werbende oder private Zwecke.<\/p><p><span style=\"background-color: var(--page-background-color);\">Der Veranstaltungsraum wird kollektiv und zu einem gro\u00dfen Teil ehrenamtlich von der Programmgruppe als zentraler Ort des Vereins G\u00e4ngeviertel e.V. betrieben. Wenn du dich in der Programmgruppe engagieren m\u00f6chtest, komm uns besuchen: Jeden Dienstag, um 19 Uhr, im Saal in der Fabrique.<br \/><\/span><\/p><p>Wenn du vorbeikommen m\u00f6chtest, weil du veranstalten m\u00f6chtest, melde dich bitte im Vorfeld per Mail unter booking[at]das-gaengeviertel[dot]info an, da wir inzwischen nur zu speziellen Programmgruppentreffen Programmanfragen entgegen nehmen. Wir teilen dir dann per Mail mit, an welchem Termin du vorbeikommen kannst, um deine Veranstaltung vorzustellen.<\/p><p>Wichtig: Unser Kalender ist voll bis einschl. Juni 2026. Programmanfragen f\u00fcr September bis Dezember werden am 02. Juni 2026 um 19 Uhr im Saal in der Fabrique entgegen genommen.\u00a0<\/p>\t\t\t\t\t\t\t\t<\/div>\n\t\t\t\t<\/div>\n\t\t\t\t\t<\/div>\n\t\t<\/div>\n\t\t\t\t\t<\/div>\n\t\t<\/section>\n\t\t\t\t<section class=\"elementor-section elementor-top-section elementor-element elementor-element-6274b6f elementor-section-boxed elementor-section-height-default elementor-section-height-default\" data-id=\"6274b6f\" data-element_type=\"section\">\n\t\t\t\t\t\t<div class=\"elementor-container elementor-column-gap-default\">\n\t\t\t\t\t<div class=\"elementor-column elementor-col-100 elementor-top-column elementor-element elementor-element-d3860f0\" data-id=\"d3860f0\" data-element_type=\"column\">\n\t\t\t<div class=\"elementor-widget-wrap elementor-element-populated\">\n\t\t\t\t\t\t<div class=\"elementor-element elementor-element-e9bc71f elementor-widget elementor-widget-wp-widget-media_audio\" data-id=\"e9bc71f\" data-element_type=\"widget\" data-widget_type=\"wp-widget-media_audio.default\">\n\t\t\t\t<div class=\"elementor-widget-container\">\n\t\t\t\t\t<h5>Beschreibung: Saal in der Fabrique (Audiodiskreption)<\/h5><!--[if lt IE 9]><script>document.createElement('audio');<\/script><![endif]-->\n<audio class=\"wp-audio-shortcode\" id=\"audio-21-1\" preload=\"none\" style=\"width: 100%;\" controls=\"controls\"><source type=\"audio\/mpeg\" src=\"https:\/\/fabrique.gaengeviertel.de\/wp-content\/uploads\/2025\/03\/xvd46-hupqy.mp3?_=1\" \/><source type=\"audio\/mpeg\" src=\"https:\/\/fabrique.gaengeviertel.de\/wp-content\/uploads\/2025\/03\/xvd46-hupqy.mp3?_=1\" \/><a href=\"https:\/\/fabrique.gaengeviertel.de\/wp-content\/uploads\/2025\/03\/xvd46-hupqy.mp3\">https:\/\/fabrique.gaengeviertel.de\/wp-content\/uploads\/2025\/03\/xvd46-hupqy.mp3<\/a><\/audio>\t\t\t\t<\/div>\n\t\t\t\t<\/div>\n\t\t\t\t\t<\/div>\n\t\t<\/div>\n\t\t\t\t\t<\/div>\n\t\t<\/section>\n\t\t\t\t<section class=\"elementor-section elementor-top-section elementor-element elementor-element-19c6a4a elementor-section-boxed elementor-section-height-default elementor-section-height-default\" data-id=\"19c6a4a\" data-element_type=\"section\">\n\t\t\t\t\t\t<div class=\"elementor-container elementor-column-gap-default\">\n\t\t\t\t\t<div class=\"elementor-column elementor-col-100 elementor-top-column elementor-element elementor-element-00fc3d6\" data-id=\"00fc3d6\" data-element_type=\"column\">\n\t\t\t<div class=\"elementor-widget-wrap elementor-element-populated\">\n\t\t\t\t\t\t<div class=\"elementor-element elementor-element-90c4064 elementor-widget elementor-widget-toggle\" data-id=\"90c4064\" data-element_type=\"widget\" data-widget_type=\"toggle.default\">\n\t\t\t\t<div class=\"elementor-widget-container\">\n\t\t\t\t\t\t\t<div class=\"elementor-toggle\">\n\t\t\t\t\t\t\t<div class=\"elementor-toggle-item\">\n\t\t\t\t\t<div id=\"elementor-tab-title-1511\" class=\"elementor-tab-title\" data-tab=\"1\" role=\"button\" aria-controls=\"elementor-tab-content-1511\" aria-expanded=\"false\">\n\t\t\t\t\t\t\t\t\t\t\t\t<span class=\"elementor-toggle-icon elementor-toggle-icon-left\" aria-hidden=\"true\">\n\t\t\t\t\t\t\t\t\t\t\t\t\t\t\t<span class=\"elementor-toggle-icon-closed\"><i class=\"fas fa-caret-right\"><\/i><\/span>\n\t\t\t\t\t\t\t\t<span class=\"elementor-toggle-icon-opened\"><i class=\"elementor-toggle-icon-opened fas fa-caret-up\"><\/i><\/span>\n\t\t\t\t\t\t\t\t\t\t\t\t\t<\/span>\n\t\t\t\t\t\t\t\t\t\t\t\t<a class=\"elementor-toggle-title\" tabindex=\"0\">Der komplette Text zur Audiodiskreption:<\/a>\n\t\t\t\t\t<\/div>\n\n\t\t\t\t\t<div id=\"elementor-tab-content-1511\" class=\"elementor-tab-content elementor-clearfix\" data-tab=\"1\" role=\"region\" aria-labelledby=\"elementor-tab-title-1511\"><p><strong>Beschreibung <\/strong><\/p><p><strong>Saal in der Fabrique im G\u00e4ngeviertel<\/strong><\/p><p><strong>Das Geb\u00e4ude, Eingang \u00fcber die Speckstra\u00dfe<\/strong><\/p><p>Auf der rechten fensterlosen Seite des 4 Stockwerke hohen Fabrikgeb\u00e4udes f\u00fchrt ein ca. 25 Meter langer gepflasterter Fu\u00dfweg direkt zum Eingang. Diese Fabrikwand ist mit kunstvollen Graffitis bespr\u00fcht. Ebenerdig erreicht man durch eine Glast\u00fcr das offene Treppenhaus. Die Betonw\u00e4nde im Eingangsbereich sind \u00fcberwiegend mit Plakaten beh\u00e4ngt und mit typografischen Elementen bemalt. Der Club-Saal und die barrierearme Toilette befinden sich im Hochparterre. Zu diesem gelangt man entweder mit dem Fahrstuhl, der nur mit einem speziellen Chip bedienbar ist oder \u00fcber eine kurze Treppe. Diese erreicht man links vom Eingang nach etwa drei Metern. Acht Stufen hoch und anderthalb Meter weiter geradeaus f\u00fchrt sie zum Club-Saal.\u00a0<\/p><p><strong>Die Toilette<\/strong><\/p><p>In derselben Wand drei Meter weiter nach rechts ist die barrierearme Toilette zu finden. Die rechteckige, gro\u00dffl\u00e4chige T\u00fcr\u00f6ffner-Taste befindet sich rechts an der Wand. Innen wird die T\u00fcr verriegelt, indem man unterhalb der T\u00fcr\u00f6ffner-Taste auf einen quadratischen Lichtschalter dr\u00fcckt. Mit diesem Schalter wird auch wieder entriegelt und anschlie\u00dfend durch den Druck auf die T\u00fcr\u00f6ffner-Taste ge\u00f6ffnet. Weitere Toiletten befinden sich im Kellergeschoss.<\/p><p><strong>Der Club-Saal<\/strong><\/p><p>Durch die erste T\u00fcr zum Club-Saal gelangt man erstmal in die ca. 8 Quadratmeter gro\u00dfe Soundschleuse und erreicht nach ein paar Schritten links die T\u00fcr zum Saal.\u00a0 Diese beiden T\u00fcren sind in der Regel wegen L\u00e4rm geschlossen.<\/p><p>Der ganz in schwarz gehaltene und verwinkelte Partyraum hat eine Gr\u00f6\u00dfe von ca. 120 Quadratmetern und eine H\u00f6he von rund dreieinhalb Metern. Im Zentrum ist die etwa 50 Quadratmeter gro\u00dfe Tanzfl\u00e4che mit einem dunklen Tanzboden. In ihrer Mitte steht ein St\u00fctzpfeiler. Ringsum sind unterschiedliche Podeste.<\/p><p>Auf einem ist die 40cm hohe B\u00fchne, mit einer L\u00e4nge von sieben Metern und einer Tiefe von drei Metern. Links und rechts von ihr h\u00e4ngen und stehen gro\u00dfe Lautsprecher Boxen. \u00dcber der B\u00fchne h\u00e4ngt eine Traverse mit der Lichttechnik.<\/p><p>Rechts vom B\u00fchnenpodest gelangt man \u00fcber zwei Stufen auf das Lounge-Podest: Ein langgestrecktes Rechteck in einer Nische, an dessen drei Seiten sich eine durchgehende schwarze Sitzbank erstreckt. Mittig steht ein gro\u00dfer dunkler Sitzhocker. In der rechten<\/p><p>Wand der Lounge befindet sich ein drei mal drei Meter gro\u00dfes, altes Fabrikfenster, was durch Eisen Streben quer und l\u00e4ngs in Rechtecke unterteilt ist. Direkt dahinter befindet sich eine wei\u00dfe Wand, die bei Veranstaltungen als LED Installation einzelne Bildschirme illuminiert und in Szene setzt. Die R\u00fcckwand des Podestes ist mit einem zwei mal drei Meter gro\u00dfem Wandbild aus graphischen Elementen in schwarz, wei\u00df und rot bemalt. Mittig vor dem Podest und auf der ersten Stufe sind zwei weitere St\u00fctzpfeiler. Der Pfeiler auf der zweiten Stufe ist mit Spiegelmosaik ummantelt.<\/p><p>Auf dem dritten, ca. 20 cm hohen Podest befinden sich die Bar und das FoH (Front of House) f\u00fcr die Technik und Mischung von Licht &amp; Ton. Der ca. vier Meter lange Tresen ist holz- und metallverkleidet. Dar\u00fcber h\u00e4ngen vier in unterschiedlicher H\u00f6he angebrachte, graue, zylindrische Lampen. Davor stehen verschiedene Barhocker. In der R\u00fcckwertigen Wand eingelassen sind K\u00fchlschr\u00e4nke und Regale f\u00fcr Gl\u00e4ser und Flaschen. Links \u00fcber dem Sp\u00fclbecken h\u00e4ngt eine Preistafel. Rechts vom Tresen ist die schwarz verkleidete FoH, Front of House, direkt an der Tanzfl\u00e4che platziert. Ein Notausgang befindet sich direkt rechts vom FoH, ein weiterer links neben der B\u00fchne. Zwischen beiden Notausg\u00e4ngen befindet sich die T\u00fcr zur Soundschleuse bzw. zum Ausgang ins Treppenhaus.<\/p><p>Neben dem Saal gibt es in der Fabrique noch weitere R\u00e4umlichkeiten auf den verschiedenen Stockwerken. z.B. eine Siebdruckwerkstatt und der Bewegungsraum.<\/p><p>Die 1903 entstandene \u201eFabrique\u201c ist das Herzst\u00fcck des G\u00e4ngeviertels. Das damals gewerblich genutzte Geb\u00e4ude diente der Holz- und Metallverarbeitung (unter anderem G\u00fcrtel und Schnallen) und beherbergte zeitweise eine Marzipanmanufaktur. Im Rahmen der Sanierungsma\u00dfnahmen wurde das denkmalgesch\u00fctzte Geb\u00e4ude zum soziokulturellen Zentrum des G\u00e4ngeviertels umgebaut und im M\u00e4rz 2016 wiederer\u00f6ffnet.<\/p><p>Beschreibung: Hela Michalski, Mina R\u00f6ther und Agnes Nuber<\/p><p>Gesprochen von Mina R\u00f6ther<\/p><p>Produktion: KLAPPE AUF! Kurzfilmfestival Hamburg 2024<\/p><\/div>\n\t\t\t\t<\/div>\n\t\t\t\t\t\t\t\t<\/div>\n\t\t\t\t\t\t<\/div>\n\t\t\t\t<\/div>\n\t\t\t\t\t<\/div>\n\t\t<\/div>\n\t\t\t\t\t<\/div>\n\t\t<\/section>\n\t\t\t\t<section class=\"elementor-section elementor-top-section elementor-element elementor-element-e66da15 elementor-section-boxed elementor-section-height-default elementor-section-height-default\" data-id=\"e66da15\" data-element_type=\"section\">\n\t\t\t\t\t\t<div class=\"elementor-container elementor-column-gap-default\">\n\t\t\t\t\t<div class=\"elementor-column elementor-col-33 elementor-top-column elementor-element elementor-element-8ac30e8\" data-id=\"8ac30e8\" data-element_type=\"column\">\n\t\t\t<div class=\"elementor-widget-wrap elementor-element-populated\">\n\t\t\t\t\t\t<div class=\"elementor-element elementor-element-6767393 elementor-widget elementor-widget-heading\" data-id=\"6767393\" data-element_type=\"widget\" data-widget_type=\"heading.default\">\n\t\t\t\t<div class=\"elementor-widget-container\">\n\t\t\t\t\t<h2 class=\"elementor-heading-title elementor-size-default\">Ausstattung<\/h2>\t\t\t\t<\/div>\n\t\t\t\t<\/div>\n\t\t\t\t<div class=\"elementor-element elementor-element-779b0ae elementor-widget elementor-widget-text-editor\" data-id=\"779b0ae\" data-element_type=\"widget\" data-widget_type=\"text-editor.default\">\n\t\t\t\t<div class=\"elementor-widget-container\">\n\t\t\t\t\t\t\t\t\t<ul><li>200m\u00b2\u00a0<\/li><li><span style=\"background-color: var(--page-background-color);\">B\u00fchne (2,7 x 7 x 4 Meter)<\/span><\/li><li><span style=\"background-color: var(--page-background-color);\">PA, Licht- und Tonequipment<\/span><\/li><li><span style=\"background-color: var(--page-background-color);\">Beamer und Leinwand<\/span><\/li><li><span style=\"background-color: var(--page-background-color);\">Voll ausgestattete Bar, K\u00fchlraum, Eismaschine<\/span><\/li><li><span style=\"background-color: var(--page-background-color);\">Sitzecke<\/span><\/li><li><span style=\"background-color: var(--page-background-color);\">Bei Bedarf ca. 100 St\u00fchle<\/span><\/li><\/ul>\t\t\t\t\t\t\t\t<\/div>\n\t\t\t\t<\/div>\n\t\t\t\t<div class=\"elementor-element elementor-element-04dd8dc elementor-widget elementor-widget-heading\" data-id=\"04dd8dc\" data-element_type=\"widget\" data-widget_type=\"heading.default\">\n\t\t\t\t<div class=\"elementor-widget-container\">\n\t\t\t\t\t<h2 class=\"elementor-heading-title elementor-size-default\">Angebot<\/h2>\t\t\t\t<\/div>\n\t\t\t\t<\/div>\n\t\t\t\t<div class=\"elementor-element elementor-element-c357bc3 elementor-widget elementor-widget-text-editor\" data-id=\"c357bc3\" data-element_type=\"widget\" data-widget_type=\"text-editor.default\">\n\t\t\t\t<div class=\"elementor-widget-container\">\n\t\t\t\t\t\t\t\t\t<ul><li>Konzerte<\/li><li>Partys<\/li><li>Vortr\u00e4ge<\/li><li>Filmvorf\u00fchrungen<\/li><li>Theater<\/li><li>Comedy<\/li><li>Podiumsdiskussionen<\/li><\/ul>\t\t\t\t\t\t\t\t<\/div>\n\t\t\t\t<\/div>\n\t\t\t\t\t<\/div>\n\t\t<\/div>\n\t\t\t\t<div class=\"elementor-column elementor-col-66 elementor-top-column elementor-element elementor-element-abacc78\" data-id=\"abacc78\" data-element_type=\"column\">\n\t\t\t<div class=\"elementor-widget-wrap elementor-element-populated\">\n\t\t\t\t\t\t<div class=\"elementor-element elementor-element-e68c046 elementor-arrows-position-inside elementor-widget elementor-widget-image-carousel\" data-id=\"e68c046\" data-element_type=\"widget\" data-settings=\"{&quot;slides_to_show&quot;:&quot;1&quot;,&quot;navigation&quot;:&quot;arrows&quot;,&quot;speed&quot;:200,&quot;autoplay&quot;:&quot;yes&quot;,&quot;pause_on_hover&quot;:&quot;yes&quot;,&quot;pause_on_interaction&quot;:&quot;yes&quot;,&quot;autoplay_speed&quot;:5000,&quot;infinite&quot;:&quot;yes&quot;,&quot;effect&quot;:&quot;slide&quot;}\" data-widget_type=\"image-carousel.default\">\n\t\t\t\t<div class=\"elementor-widget-container\">\n\t\t\t\t\t\t\t<div class=\"elementor-image-carousel-wrapper swiper\" role=\"region\" aria-roledescription=\"carousel\" aria-label=\"Image Carousel\" dir=\"ltr\">\n\t\t\t<div class=\"elementor-image-carousel swiper-wrapper\" aria-live=\"off\">\n\t\t\t\t\t\t\t\t<div class=\"swiper-slide\" role=\"group\" aria-roledescription=\"slide\" aria-label=\"1 von 7\"><figure class=\"swiper-slide-inner\"><img decoding=\"async\" class=\"swiper-slide-image\" src=\"https:\/\/fabrique.gaengeviertel.de\/wp-content\/uploads\/2024\/10\/24.08.0_GV_Saal_104-1536x1026.jpg\" alt=\"Copyright: Franziska Holz\" \/><figcaption class=\"elementor-image-carousel-caption\">Copyright: Franziska Holz<\/figcaption><\/figure><\/div><div class=\"swiper-slide\" role=\"group\" aria-roledescription=\"slide\" aria-label=\"2 von 7\"><figure class=\"swiper-slide-inner\"><img decoding=\"async\" class=\"swiper-slide-image\" src=\"https:\/\/fabrique.gaengeviertel.de\/wp-content\/uploads\/2024\/10\/24.08.0_GV_Saal_090-1536x1026.jpg\" alt=\"Copyright: Franziska Holz\" \/><figcaption class=\"elementor-image-carousel-caption\">Copyright: Franziska Holz<\/figcaption><\/figure><\/div><div class=\"swiper-slide\" role=\"group\" aria-roledescription=\"slide\" aria-label=\"3 von 7\"><figure class=\"swiper-slide-inner\"><img decoding=\"async\" class=\"swiper-slide-image\" src=\"https:\/\/fabrique.gaengeviertel.de\/wp-content\/uploads\/2024\/10\/24.08.24_GV_Geb_231-1536x1026.jpg\" alt=\"Copyright: Franziska Holz\" \/><figcaption class=\"elementor-image-carousel-caption\">Copyright: Franziska Holz<\/figcaption><\/figure><\/div><div class=\"swiper-slide\" role=\"group\" aria-roledescription=\"slide\" aria-label=\"4 von 7\"><figure class=\"swiper-slide-inner\"><img decoding=\"async\" class=\"swiper-slide-image\" src=\"https:\/\/fabrique.gaengeviertel.de\/wp-content\/uploads\/2024\/10\/24.08.0_GV_Saal_030-1536x1026.jpg\" alt=\"Copyright: Franziska Holz\" \/><figcaption class=\"elementor-image-carousel-caption\">Copyright: Franziska Holz<\/figcaption><\/figure><\/div><div class=\"swiper-slide\" role=\"group\" aria-roledescription=\"slide\" aria-label=\"5 von 7\"><figure class=\"swiper-slide-inner\"><img decoding=\"async\" class=\"swiper-slide-image\" src=\"https:\/\/fabrique.gaengeviertel.de\/wp-content\/uploads\/2024\/10\/24.08.0_GV_Saal_048-1536x1026.jpg\" alt=\"Copyright: Franziska Holz\" \/><figcaption class=\"elementor-image-carousel-caption\">Copyright: Franziska Holz<\/figcaption><\/figure><\/div><div class=\"swiper-slide\" role=\"group\" aria-roledescription=\"slide\" aria-label=\"6 von 7\"><figure class=\"swiper-slide-inner\"><img decoding=\"async\" class=\"swiper-slide-image\" src=\"https:\/\/fabrique.gaengeviertel.de\/wp-content\/uploads\/2024\/10\/24.08.0_GV_Saal_073-1536x1026.jpg\" alt=\"Copyright: Franziska Holz\" \/><figcaption class=\"elementor-image-carousel-caption\">Copyright: Franziska Holz<\/figcaption><\/figure><\/div><div class=\"swiper-slide\" role=\"group\" aria-roledescription=\"slide\" aria-label=\"7 von 7\"><figure class=\"swiper-slide-inner\"><img decoding=\"async\" class=\"swiper-slide-image\" src=\"https:\/\/fabrique.gaengeviertel.de\/wp-content\/uploads\/2024\/10\/24.08.0_GV_Saal_076-1536x1026.jpg\" alt=\"Copyright: Franziska Holz\" \/><figcaption class=\"elementor-image-carousel-caption\">Copyright: Franziska Holz<\/figcaption><\/figure><\/div>\t\t\t<\/div>\n\t\t\t\t\t\t\t\t\t\t\t\t<div class=\"elementor-swiper-button elementor-swiper-button-prev\" role=\"button\" tabindex=\"0\">\n\t\t\t\t\t\t<i aria-hidden=\"true\" class=\"eicon-chevron-left\"><\/i>\t\t\t\t\t<\/div>\n\t\t\t\t\t<div class=\"elementor-swiper-button elementor-swiper-button-next\" role=\"button\" tabindex=\"0\">\n\t\t\t\t\t\t<i aria-hidden=\"true\" class=\"eicon-chevron-right\"><\/i>\t\t\t\t\t<\/div>\n\t\t\t\t\n\t\t\t\t\t\t\t\t\t<\/div>\n\t\t\t\t\t\t<\/div>\n\t\t\t\t<\/div>\n\t\t\t\t\t<\/div>\n\t\t<\/div>\n\t\t\t\t\t<\/div>\n\t\t<\/section>\n\t\t\t\t<section class=\"elementor-section elementor-top-section elementor-element elementor-element-3a5a8c4 elementor-section-boxed elementor-section-height-default elementor-section-height-default\" data-id=\"3a5a8c4\" data-element_type=\"section\">\n\t\t\t\t\t\t<div class=\"elementor-container elementor-column-gap-default\">\n\t\t\t\t\t<div class=\"elementor-column elementor-col-100 elementor-top-column elementor-element elementor-element-f04b247\" data-id=\"f04b247\" data-element_type=\"column\">\n\t\t\t<div class=\"elementor-widget-wrap elementor-element-populated\">\n\t\t\t\t\t\t<div class=\"elementor-element elementor-element-f9ef7e8 elementor-widget elementor-widget-heading\" data-id=\"f9ef7e8\" data-element_type=\"widget\" data-widget_type=\"heading.default\">\n\t\t\t\t<div class=\"elementor-widget-container\">\n\t\t\t\t\t<h2 class=\"elementor-heading-title elementor-size-default\">Du m\u00f6chtest den Saal nutzen?<\/h2>\t\t\t\t<\/div>\n\t\t\t\t<\/div>\n\t\t\t\t<div class=\"elementor-element elementor-element-333708e elementor-widget elementor-widget-spacer\" data-id=\"333708e\" data-element_type=\"widget\" data-widget_type=\"spacer.default\">\n\t\t\t\t<div class=\"elementor-widget-container\">\n\t\t\t\t\t\t\t<div class=\"elementor-spacer\">\n\t\t\t<div class=\"elementor-spacer-inner\"><\/div>\n\t\t<\/div>\n\t\t\t\t\t\t<\/div>\n\t\t\t\t<\/div>\n\t\t\t\t<div class=\"elementor-element elementor-element-58805eec elementor-widget elementor-widget-toggle\" data-id=\"58805eec\" data-element_type=\"widget\" data-widget_type=\"toggle.default\">\n\t\t\t\t<div class=\"elementor-widget-container\">\n\t\t\t\t\t\t\t<div class=\"elementor-toggle\">\n\t\t\t\t\t\t\t<div class=\"elementor-toggle-item\">\n\t\t\t\t\t<div id=\"elementor-tab-title-1481\" class=\"elementor-tab-title\" data-tab=\"1\" role=\"button\" aria-controls=\"elementor-tab-content-1481\" aria-expanded=\"false\">\n\t\t\t\t\t\t\t\t\t\t\t\t<span class=\"elementor-toggle-icon elementor-toggle-icon-right\" aria-hidden=\"true\">\n\t\t\t\t\t\t\t\t\t\t\t\t\t\t\t<span class=\"elementor-toggle-icon-closed\"><i class=\"fas fa-caret-right\"><\/i><\/span>\n\t\t\t\t\t\t\t\t<span class=\"elementor-toggle-icon-opened\"><i class=\"elementor-toggle-icon-opened fas fa-caret-up\"><\/i><\/span>\n\t\t\t\t\t\t\t\t\t\t\t\t\t<\/span>\n\t\t\t\t\t\t\t\t\t\t\t\t<a class=\"elementor-toggle-title\" tabindex=\"0\">Welche Voraussetzungen muss ich mitbringen?<\/a>\n\t\t\t\t\t<\/div>\n\n\t\t\t\t\t<div id=\"elementor-tab-content-1481\" class=\"elementor-tab-content elementor-clearfix\" data-tab=\"1\" role=\"region\" aria-labelledby=\"elementor-tab-title-1481\"><p>Sowohl erfahrene als auch unerfahrene Veranstalter*innen k\u00f6nnen sich bei uns ausprobieren &#8211; auch ohne finanzielle Mittel. Allerdings haben wir kein Bar-, Einlass-, Technik- oder Putzpersonal. Ihr solltet also eine gewisse Anzahl an Helfer*innen f\u00fcr die Veranstaltung organisieren. F\u00fcr eure Veranstaltung stellen wir euch eine betreuende Person aus der Programmgruppe zur Seite, au\u00dferdem, falls notwendig, Security- und Awareness-Personal.<\/p><\/div>\n\t\t\t\t<\/div>\n\t\t\t\t\t\t\t<div class=\"elementor-toggle-item\">\n\t\t\t\t\t<div id=\"elementor-tab-title-1482\" class=\"elementor-tab-title\" data-tab=\"2\" role=\"button\" aria-controls=\"elementor-tab-content-1482\" aria-expanded=\"false\">\n\t\t\t\t\t\t\t\t\t\t\t\t<span class=\"elementor-toggle-icon elementor-toggle-icon-right\" aria-hidden=\"true\">\n\t\t\t\t\t\t\t\t\t\t\t\t\t\t\t<span class=\"elementor-toggle-icon-closed\"><i class=\"fas fa-caret-right\"><\/i><\/span>\n\t\t\t\t\t\t\t\t<span class=\"elementor-toggle-icon-opened\"><i class=\"elementor-toggle-icon-opened fas fa-caret-up\"><\/i><\/span>\n\t\t\t\t\t\t\t\t\t\t\t\t\t<\/span>\n\t\t\t\t\t\t\t\t\t\t\t\t<a class=\"elementor-toggle-title\" tabindex=\"0\">Wie kann ich einen Termin vereinbaren?<\/a>\n\t\t\t\t\t<\/div>\n\n\t\t\t\t\t<div id=\"elementor-tab-content-1482\" class=\"elementor-tab-content elementor-clearfix\" data-tab=\"2\" role=\"region\" aria-labelledby=\"elementor-tab-title-1482\"><p>Wenn du vorbeikommen m\u00f6chtest, weil du veranstalten m\u00f6chtest, melde dich bitte im Vorfeld per Mail unter booking[at]das-gaengeviertel[dot]info an, da wir inzwischen nur noch zu speziellen Programmgruppentreffen Termine vergeben. Vielen Dank!<\/p><\/div>\n\t\t\t\t<\/div>\n\t\t\t\t\t\t\t<div class=\"elementor-toggle-item\">\n\t\t\t\t\t<div id=\"elementor-tab-title-1483\" class=\"elementor-tab-title\" data-tab=\"3\" role=\"button\" aria-controls=\"elementor-tab-content-1483\" aria-expanded=\"false\">\n\t\t\t\t\t\t\t\t\t\t\t\t<span class=\"elementor-toggle-icon elementor-toggle-icon-right\" aria-hidden=\"true\">\n\t\t\t\t\t\t\t\t\t\t\t\t\t\t\t<span class=\"elementor-toggle-icon-closed\"><i class=\"fas fa-caret-right\"><\/i><\/span>\n\t\t\t\t\t\t\t\t<span class=\"elementor-toggle-icon-opened\"><i class=\"elementor-toggle-icon-opened fas fa-caret-up\"><\/i><\/span>\n\t\t\t\t\t\t\t\t\t\t\t\t\t<\/span>\n\t\t\t\t\t\t\t\t\t\t\t\t<a class=\"elementor-toggle-title\" tabindex=\"0\">Wie viel Miete kostet der Saal?<\/a>\n\t\t\t\t\t<\/div>\n\n\t\t\t\t\t<div id=\"elementor-tab-content-1483\" class=\"elementor-tab-content elementor-clearfix\" data-tab=\"3\" role=\"region\" aria-labelledby=\"elementor-tab-title-1483\"><p>Die Nutzungsgeb\u00fchr f\u00fcr den Saal h\u00e4ngt von der Art der Veranstaltung ab. Bei \u00f6ffentlichen Veranstaltungen verbleiben die Einnahmen der Bar beim G\u00e4ngeviertel, f\u00fcr den Einlass wird ein Deal vereinbart.<\/p><\/div>\n\t\t\t\t<\/div>\n\t\t\t\t\t\t\t<div class=\"elementor-toggle-item\">\n\t\t\t\t\t<div id=\"elementor-tab-title-1484\" class=\"elementor-tab-title\" data-tab=\"4\" role=\"button\" aria-controls=\"elementor-tab-content-1484\" aria-expanded=\"false\">\n\t\t\t\t\t\t\t\t\t\t\t\t<span class=\"elementor-toggle-icon elementor-toggle-icon-right\" aria-hidden=\"true\">\n\t\t\t\t\t\t\t\t\t\t\t\t\t\t\t<span class=\"elementor-toggle-icon-closed\"><i class=\"fas fa-caret-right\"><\/i><\/span>\n\t\t\t\t\t\t\t\t<span class=\"elementor-toggle-icon-opened\"><i class=\"elementor-toggle-icon-opened fas fa-caret-up\"><\/i><\/span>\n\t\t\t\t\t\t\t\t\t\t\t\t\t<\/span>\n\t\t\t\t\t\t\t\t\t\t\t\t<a class=\"elementor-toggle-title\" tabindex=\"0\">KANN ICH MIT MEINER BAND BEI EUCH AUFTRETEN?<\/a>\n\t\t\t\t\t<\/div>\n\n\t\t\t\t\t<div id=\"elementor-tab-content-1484\" class=\"elementor-tab-content elementor-clearfix\" data-tab=\"4\" role=\"region\" aria-labelledby=\"elementor-tab-title-1484\"><p>Auf jeden Fall! Daf\u00fcr d\u00fcrft Ihr auch gerne unsere vorhandene Technik nutzen. Allerdings zahlen wir keine Festgagen.\u00a0 Mit Gl\u00fcck k\u00f6nnen wir Euch eine \u00dcbernachtungsm\u00f6glichkeit organisieren.<\/p><\/div>\n\t\t\t\t<\/div>\n\t\t\t\t\t\t\t<div class=\"elementor-toggle-item\">\n\t\t\t\t\t<div id=\"elementor-tab-title-1485\" class=\"elementor-tab-title\" data-tab=\"5\" role=\"button\" aria-controls=\"elementor-tab-content-1485\" aria-expanded=\"false\">\n\t\t\t\t\t\t\t\t\t\t\t\t<span class=\"elementor-toggle-icon elementor-toggle-icon-right\" aria-hidden=\"true\">\n\t\t\t\t\t\t\t\t\t\t\t\t\t\t\t<span class=\"elementor-toggle-icon-closed\"><i class=\"fas fa-caret-right\"><\/i><\/span>\n\t\t\t\t\t\t\t\t<span class=\"elementor-toggle-icon-opened\"><i class=\"elementor-toggle-icon-opened fas fa-caret-up\"><\/i><\/span>\n\t\t\t\t\t\t\t\t\t\t\t\t\t<\/span>\n\t\t\t\t\t\t\t\t\t\t\t\t<a class=\"elementor-toggle-title\" tabindex=\"0\">KANN ICH BEI EUCH MITMACHEN?<\/a>\n\t\t\t\t\t<\/div>\n\n\t\t\t\t\t<div id=\"elementor-tab-content-1485\" class=\"elementor-tab-content elementor-clearfix\" data-tab=\"5\" role=\"region\" aria-labelledby=\"elementor-tab-title-1485\"><p>Das G\u00e4ngeviertel ist ein Gro\u00dfbetrieb der Freiwilligkeit und freut sich \u00fcber alle, die einen Teil dazu beitragen m\u00f6chten, die Stadt Hamburg ein bisschen bunter zu machen. Ob in einem der Kollektive, an der Bar oder im Technikteam sind alle willkommen. Schreib uns dazu eine Mail an machenschaft[\u00c4T]das-gaengeviertel.info.<\/p><p>Nat\u00fcrlich kannst du auch direkt beim Programmgruppentreffen vorbeischauen, wenn du uns unterst\u00fctzen m\u00f6chtest: Jeden Dienstag um 19 Uhr im Saal in der Fabrique.<\/p><\/div>\n\t\t\t\t<\/div>\n\t\t\t\t\t\t\t<div class=\"elementor-toggle-item\">\n\t\t\t\t\t<div id=\"elementor-tab-title-1486\" class=\"elementor-tab-title\" data-tab=\"6\" role=\"button\" aria-controls=\"elementor-tab-content-1486\" aria-expanded=\"false\">\n\t\t\t\t\t\t\t\t\t\t\t\t<span class=\"elementor-toggle-icon elementor-toggle-icon-right\" aria-hidden=\"true\">\n\t\t\t\t\t\t\t\t\t\t\t\t\t\t\t<span class=\"elementor-toggle-icon-closed\"><i class=\"fas fa-caret-right\"><\/i><\/span>\n\t\t\t\t\t\t\t\t<span class=\"elementor-toggle-icon-opened\"><i class=\"elementor-toggle-icon-opened fas fa-caret-up\"><\/i><\/span>\n\t\t\t\t\t\t\t\t\t\t\t\t\t<\/span>\n\t\t\t\t\t\t\t\t\t\t\t\t<a class=\"elementor-toggle-title\" tabindex=\"0\">KANN ICH MEINEN GEBURTSTAG BEI EUCH FEIERN?<\/a>\n\t\t\t\t\t<\/div>\n\n\t\t\t\t\t<div id=\"elementor-tab-content-1486\" class=\"elementor-tab-content elementor-clearfix\" data-tab=\"6\" role=\"region\" aria-labelledby=\"elementor-tab-title-1486\"><p>Leider nein! Unsere Fl\u00e4chen stehen nicht f\u00fcr Vermietungen f\u00fcr private Zwecke zur Verf\u00fcgung.<\/p><\/div>\n\t\t\t\t<\/div>\n\t\t\t\t\t\t\t\t<\/div>\n\t\t\t\t\t\t<\/div>\n\t\t\t\t<\/div>\n\t\t\t\t\t<\/div>\n\t\t<\/div>\n\t\t\t\t\t<\/div>\n\t\t<\/section>\n\t\t\t\t<section class=\"elementor-section elementor-top-section elementor-element elementor-element-0fef240 elementor-section-boxed elementor-section-height-default elementor-section-height-default\" data-id=\"0fef240\" data-element_type=\"section\">\n\t\t\t\t\t\t<div class=\"elementor-container elementor-column-gap-default\">\n\t\t\t\t\t<div class=\"elementor-column elementor-col-100 elementor-top-column elementor-element elementor-element-c43327e\" data-id=\"c43327e\" data-element_type=\"column\">\n\t\t\t<div class=\"elementor-widget-wrap elementor-element-populated\">\n\t\t\t\t\t\t<div class=\"elementor-element elementor-element-e829f2a elementor-widget-divider--view-line elementor-widget elementor-widget-divider\" data-id=\"e829f2a\" data-element_type=\"widget\" data-widget_type=\"divider.default\">\n\t\t\t\t<div class=\"elementor-widget-container\">\n\t\t\t\t\t\t\t<div class=\"elementor-divider\">\n\t\t\t<span class=\"elementor-divider-separator\">\n\t\t\t\t\t\t<\/span>\n\t\t<\/div>\n\t\t\t\t\t\t<\/div>\n\t\t\t\t<\/div>\n\t\t\t\t<div class=\"elementor-element elementor-element-5b84b72 elementor-widget elementor-widget-text-editor\" data-id=\"5b84b72\" data-element_type=\"widget\" data-widget_type=\"text-editor.default\">\n\t\t\t\t<div class=\"elementor-widget-container\">\n\t\t\t\t\t\t\t\t\t<p>Das Veranstaltungs- und Konzertprogramm in der Fabrique wird im Rahmen der F\u00f6rderprogramme TE-SA und Live 100 durch die Initiative Musik gemeinn\u00fctzige Projektgesellschaft mbH mit Projektmitteln der Beauftragten der Bundesregierung f\u00fcr Kultur und Medien gef\u00f6rdert.<\/p><p>Der Saal in der Fabrique im G\u00e4ngeviertel wurde f\u00fcr das Jahresprogramm 2018 und das Jahresprogramm 2021 mit dem Spielst\u00e4ttenprogrammpreis &#8222;Applaus&#8220; &#8211; Auszeichnung der Programmplanung unabh\u00e4ngiger Spielst\u00e4tten ausgezeichnet.<\/p><p>Die Programmarbeit in der Fabrique wird zudem mit Mitteln aus NEUSTART Kultur Programm I und II gef\u00f6rdert.<\/p><p>Das Programm in der Fabrique wird durch die Initative Musik im F\u00f6rderprogramm Live500 gef\u00f6rdert.<\/p><p><a href=\"www.kulturstaatsministerin.de\"><img decoding=\"async\" class=\"alignnone wp-image-729 size-medium\" src=\"https:\/\/fabrique.gaengeviertel.de\/wp-content\/uploads\/2021\/04\/bkm_office_farbe_de_wbz_1-300x123.jpg\" alt=\"\" width=\"300\" height=\"123\" \/><\/a><a href=\"https:\/\/www.initiative-musik.de\/\"><img decoding=\"async\" class=\"alignnone wp-image-659 size-full\" src=\"https:\/\/fabrique.gaengeviertel.de\/wp-content\/uploads\/2020\/04\/IniMusik_logo_kurz-e1588242573912.png\" alt=\"\" width=\"190\" height=\"134\" \/><\/a> \u00a0 \u00a0<a href=\"www.kulturstaatsministerin.de \"><img fetchpriority=\"high\" decoding=\"async\" class=\"alignnone wp-image-660 size-medium\" src=\"https:\/\/fabrique.gaengeviertel.de\/wp-content\/uploads\/2020\/04\/LOGO_APPLAUS_UZ-300x231.png\" alt=\"\" width=\"300\" height=\"231\" \/><\/a><\/p><p>\u00a0<img loading=\"lazy\" decoding=\"async\" class=\"alignnone size-thumbnail wp-image-790\" src=\"https:\/\/fabrique.gaengeviertel.de\/wp-content\/uploads\/2022\/10\/logo_neustart-150x150.png\" alt=\"\" width=\"150\" height=\"150\" \/><img loading=\"lazy\" decoding=\"async\" class=\"alignleft wp-image-789\" src=\"https:\/\/fabrique.gaengeviertel.de\/wp-content\/uploads\/2022\/10\/bundesverbandsoziokultur-300x173.jpg\" alt=\"\" width=\"220\" height=\"127\" srcset=\"https:\/\/fabrique.gaengeviertel.de\/wp-content\/uploads\/2022\/10\/bundesverbandsoziokultur-300x173.jpg 300w, https:\/\/fabrique.gaengeviertel.de\/wp-content\/uploads\/2022\/10\/bundesverbandsoziokultur.jpg 396w\" sizes=\"(max-width: 220px) 100vw, 220px\" \/><\/p>\t\t\t\t\t\t\t\t<\/div>\n\t\t\t\t<\/div>\n\t\t\t\t\t<\/div>\n\t\t<\/div>\n\t\t\t\t\t<\/div>\n\t\t<\/section>\n\t\t\t\t<\/div>\n\t\t","protected":false},"excerpt":{"rendered":"<p>Der Saal ist ein multifunktionaler Veranstaltungsraum! Dort wird gefeiert und getanzt, die B\u00fchne steht f\u00fcr Konzerte, Variet\u00e9s, Theaterst\u00fccke, Performances, Lesungen, Diskussionsrunden und viele weitere Formate [&#8230;]<\/p>\n","protected":false},"author":2,"featured_media":0,"parent":0,"menu_order":0,"comment_status":"closed","ping_status":"closed","template":"","meta":{"footnotes":""},"class_list":["post-21","page","type-page","status-publish","hentry"],"_links":{"self":[{"href":"https:\/\/fabrique.gaengeviertel.de\/index.php\/wp-json\/wp\/v2\/pages\/21","targetHints":{"allow":["GET"]}}],"collection":[{"href":"https:\/\/fabrique.gaengeviertel.de\/index.php\/wp-json\/wp\/v2\/pages"}],"about":[{"href":"https:\/\/fabrique.gaengeviertel.de\/index.php\/wp-json\/wp\/v2\/types\/page"}],"author":[{"embeddable":true,"href":"https:\/\/fabrique.gaengeviertel.de\/index.php\/wp-json\/wp\/v2\/users\/2"}],"replies":[{"embeddable":true,"href":"https:\/\/fabrique.gaengeviertel.de\/index.php\/wp-json\/wp\/v2\/comments?post=21"}],"version-history":[{"count":85,"href":"https:\/\/fabrique.gaengeviertel.de\/index.php\/wp-json\/wp\/v2\/pages\/21\/revisions"}],"predecessor-version":[{"id":1112,"href":"https:\/\/fabrique.gaengeviertel.de\/index.php\/wp-json\/wp\/v2\/pages\/21\/revisions\/1112"}],"wp:attachment":[{"href":"https:\/\/fabrique.gaengeviertel.de\/index.php\/wp-json\/wp\/v2\/media?parent=21"}],"curies":[{"name":"wp","href":"https:\/\/api.w.org\/{rel}","templated":true}]}}