{"id":25,"date":"2020-03-25T15:49:38","date_gmt":"2020-03-25T15:49:38","guid":{"rendered":"https:\/\/fabrique.gaengeviertel.de\/?page_id=25"},"modified":"2026-01-09T20:10:42","modified_gmt":"2026-01-09T20:10:42","slug":"bewegungsraum","status":"publish","type":"page","link":"https:\/\/fabrique.gaengeviertel.de\/index.php\/bewegungsraum\/","title":{"rendered":"Bewegungsraum"},"content":{"rendered":"\t\t<div data-elementor-type=\"wp-page\" data-elementor-id=\"25\" class=\"elementor elementor-25\">\n\t\t\t\t\t\t<section class=\"elementor-section elementor-top-section elementor-element elementor-element-05b27ed elementor-section-boxed elementor-section-height-default elementor-section-height-default\" data-id=\"05b27ed\" data-element_type=\"section\">\n\t\t\t\t\t\t<div class=\"elementor-container elementor-column-gap-wide\">\n\t\t\t\t\t<div class=\"elementor-column elementor-col-50 elementor-top-column elementor-element elementor-element-3cfd1a8\" data-id=\"3cfd1a8\" data-element_type=\"column\">\n\t\t\t<div class=\"elementor-widget-wrap elementor-element-populated\">\n\t\t\t\t\t\t<div class=\"elementor-element elementor-element-9e5f575 elementor-widget elementor-widget-heading\" data-id=\"9e5f575\" data-element_type=\"widget\" data-widget_type=\"heading.default\">\n\t\t\t\t<div class=\"elementor-widget-container\">\n\t\t\t\t\t<h2 class=\"elementor-heading-title elementor-size-default\">Der Bewegungsraum ist ein offener Raum f\u00fcr jede Form von Tanz, Bewegung und K\u00f6rpertraining<\/h2>\t\t\t\t<\/div>\n\t\t\t\t<\/div>\n\t\t\t\t<div class=\"elementor-element elementor-element-dd919a3 elementor-widget elementor-widget-text-editor\" data-id=\"dd919a3\" data-element_type=\"widget\" data-widget_type=\"text-editor.default\">\n\t\t\t\t<div class=\"elementor-widget-container\">\n\t\t\t\t\t\t\t\t\t<p><span style=\"background-color: var(--page-background-color);\"><br \/>Der Bewegungsraum hat sich als offener, selbstverwalteter Trainings- und Proberaum seit den Anf\u00e4ngen des G\u00e4ngeviertels etabliert und wird von unterschiedlichen Tanz- und Bewegungsinteressierten unentgeltlich organisiert. Der Bewegungsraum ist ein offener Raum f\u00fcr jede Form von Tanz, Bewegung und K\u00f6rpertraining.<\/span><\/p><p>Das Angebot zur Nutzung richtet sich sowohl an professionelle T\u00e4nzer*innen, Choreograph*innen und Gruppen aus der freischaffenden Szene, als auch an alle, die sich in anderer Form mit Tanz oder Bewegung besch\u00e4ftigen.\u00a0<\/p><p>Ziel des Bewegungsraums ist es, eine vielf\u00e4ltige, unkommerzielle Nutzung zu erm\u00f6glichen. Auch sozialkreativen Projekten in Kooperation mit K\u00fcnstler*innen steht der Raum offen.<\/p>\t\t\t\t\t\t\t\t<\/div>\n\t\t\t\t<\/div>\n\t\t\t\t\t<\/div>\n\t\t<\/div>\n\t\t\t\t<div class=\"elementor-column elementor-col-50 elementor-top-column elementor-element elementor-element-4939bee\" data-id=\"4939bee\" data-element_type=\"column\">\n\t\t\t<div class=\"elementor-widget-wrap elementor-element-populated\">\n\t\t\t\t\t\t<div class=\"elementor-element elementor-element-aba0da8 elementor-widget elementor-widget-text-editor\" data-id=\"aba0da8\" data-element_type=\"widget\" data-widget_type=\"text-editor.default\">\n\t\t\t\t<div class=\"elementor-widget-container\">\n\t\t\t\t\t\t\t\t\t<p>Der Bewegungsraum ist interessiert an Vernetzung und \u00fcberregionalem sowie interdisziplin\u00e4rem Austausch.<\/p><p>Der Raum kann stundenweise, einmalig, \u00fcber mehrere Tage oder w\u00f6chentlich angemietet werden. Es gibt abgestufte Tarife, die im Solidarprinzip versuchen, den unterschiedlichen finanziellen M\u00f6glichkeiten der Nutzer*innen gerecht zu werden.<\/p><p><a href=\"https:\/\/www.hamburg.de\/bkm\/\"><img decoding=\"async\" class=\"alignright wp-image-462 size-full\" src=\"https:\/\/fabrique.gaengeviertel.de\/wp-content\/uploads\/2020\/04\/Beh\u00f6rde-Kultur-Medien-e1586950785925.png\" alt=\"\" width=\"230\" height=\"128\" \/><\/a>Weitere Infos findet Ihr auf der <a href=\"https:\/\/www.bewegungsraum-gaengeviertel.de\/\">Website des Bewegungsraums. <\/a>Der Bewegungsraum e.V. wird gef\u00f6rdert von der Beh\u00f6rde f\u00fcr Kultur und Medien der Stadt Hamburg.<\/p>\t\t\t\t\t\t\t\t<\/div>\n\t\t\t\t<\/div>\n\t\t\t\t\t<\/div>\n\t\t<\/div>\n\t\t\t\t\t<\/div>\n\t\t<\/section>\n\t\t\t\t<section class=\"elementor-section elementor-top-section elementor-element elementor-element-235dbf3 elementor-section-boxed elementor-section-height-default elementor-section-height-default\" data-id=\"235dbf3\" data-element_type=\"section\">\n\t\t\t\t\t\t<div class=\"elementor-container elementor-column-gap-default\">\n\t\t\t\t\t<div class=\"elementor-column elementor-col-33 elementor-top-column elementor-element elementor-element-6e59128\" data-id=\"6e59128\" data-element_type=\"column\">\n\t\t\t<div class=\"elementor-widget-wrap elementor-element-populated\">\n\t\t\t\t\t\t<div class=\"elementor-element elementor-element-67ac829 elementor-widget elementor-widget-heading\" data-id=\"67ac829\" data-element_type=\"widget\" data-widget_type=\"heading.default\">\n\t\t\t\t<div class=\"elementor-widget-container\">\n\t\t\t\t\t<h2 class=\"elementor-heading-title elementor-size-default\">Ausstattung<\/h2>\t\t\t\t<\/div>\n\t\t\t\t<\/div>\n\t\t\t\t<div class=\"elementor-element elementor-element-5ced1f0 elementor-widget elementor-widget-text-editor\" data-id=\"5ced1f0\" data-element_type=\"widget\" data-widget_type=\"text-editor.default\">\n\t\t\t\t<div class=\"elementor-widget-container\">\n\t\t\t\t\t\t\t\t\t<ul><li>ca. 80m\u00b2 Tanzfl\u00e4che<\/li><li>Grauer Tanzboden<\/li><li>Spiegelfront (mit Vorh\u00e4ngen)<\/li><li>Musikanlage (MP3, CD, Mikroanschluss)<\/li><li>Garderobe<\/li><li>Teek\u00fcche mit Kaffeemaschine, Wasserkocher und Sp\u00fcle<\/li><li>Sofaecke mit Tischen und St\u00fchlen<\/li><\/ul>\t\t\t\t\t\t\t\t<\/div>\n\t\t\t\t<\/div>\n\t\t\t\t<div class=\"elementor-element elementor-element-f9e3483 elementor-widget elementor-widget-heading\" data-id=\"f9e3483\" data-element_type=\"widget\" data-widget_type=\"heading.default\">\n\t\t\t\t<div class=\"elementor-widget-container\">\n\t\t\t\t\t<h2 class=\"elementor-heading-title elementor-size-default\">Angebot<\/h2>\t\t\t\t<\/div>\n\t\t\t\t<\/div>\n\t\t\t\t<div class=\"elementor-element elementor-element-3bee0a4 elementor-widget elementor-widget-text-editor\" data-id=\"3bee0a4\" data-element_type=\"widget\" data-widget_type=\"text-editor.default\">\n\t\t\t\t<div class=\"elementor-widget-container\">\n\t\t\t\t\t\t\t\t\t<ul><li>offene Gruppenkurse<\/li><li>Proben<\/li><li>Workshops<\/li><li>Tanz<\/li><li>Capoeira<\/li><li>Meditation<\/li><li>Yoga<\/li><li>u.v.m.<\/li><\/ul>\t\t\t\t\t\t\t\t<\/div>\n\t\t\t\t<\/div>\n\t\t\t\t\t<\/div>\n\t\t<\/div>\n\t\t\t\t<div class=\"elementor-column elementor-col-66 elementor-top-column elementor-element elementor-element-d9fc272\" data-id=\"d9fc272\" data-element_type=\"column\">\n\t\t\t<div class=\"elementor-widget-wrap elementor-element-populated\">\n\t\t\t\t\t\t<div class=\"elementor-element elementor-element-b8f9581 elementor-arrows-position-inside elementor-widget elementor-widget-image-carousel\" data-id=\"b8f9581\" data-element_type=\"widget\" data-settings=\"{&quot;slides_to_show&quot;:&quot;1&quot;,&quot;navigation&quot;:&quot;arrows&quot;,&quot;autoplay&quot;:&quot;yes&quot;,&quot;pause_on_hover&quot;:&quot;yes&quot;,&quot;pause_on_interaction&quot;:&quot;yes&quot;,&quot;autoplay_speed&quot;:5000,&quot;infinite&quot;:&quot;yes&quot;,&quot;effect&quot;:&quot;slide&quot;,&quot;speed&quot;:500}\" data-widget_type=\"image-carousel.default\">\n\t\t\t\t<div class=\"elementor-widget-container\">\n\t\t\t\t\t\t\t<div class=\"elementor-image-carousel-wrapper swiper\" role=\"region\" aria-roledescription=\"carousel\" aria-label=\"Image Carousel\" dir=\"ltr\">\n\t\t\t<div class=\"elementor-image-carousel swiper-wrapper\" aria-live=\"off\">\n\t\t\t\t\t\t\t\t<div class=\"swiper-slide\" role=\"group\" aria-roledescription=\"slide\" aria-label=\"1 von 3\"><figure class=\"swiper-slide-inner\"><img decoding=\"async\" class=\"swiper-slide-image\" src=\"https:\/\/fabrique.gaengeviertel.de\/wp-content\/uploads\/2020\/04\/FABRIQUE_2020-Shoot_041_ohne_tags-2048x1365.jpg\" alt=\"Copyright: Eric Anders Photography\" \/><\/figure><\/div><div class=\"swiper-slide\" role=\"group\" aria-roledescription=\"slide\" aria-label=\"2 von 3\"><figure class=\"swiper-slide-inner\"><img decoding=\"async\" class=\"swiper-slide-image\" src=\"https:\/\/fabrique.gaengeviertel.de\/wp-content\/uploads\/2020\/03\/FABRIQUE_2020-Shoot_040-2048x1365.jpg\" alt=\"Copyright: Eric Anders Photography\" \/><\/figure><\/div><div class=\"swiper-slide\" role=\"group\" aria-roledescription=\"slide\" aria-label=\"3 von 3\"><figure class=\"swiper-slide-inner\"><img decoding=\"async\" class=\"swiper-slide-image\" src=\"https:\/\/fabrique.gaengeviertel.de\/wp-content\/uploads\/2020\/04\/FABRIQUE_2020-Shoot_044_ohne_tags-2048x1365.jpg\" alt=\"Copyright: Eric Anders Photography\" \/><\/figure><\/div>\t\t\t<\/div>\n\t\t\t\t\t\t\t\t\t\t\t\t<div class=\"elementor-swiper-button elementor-swiper-button-prev\" role=\"button\" tabindex=\"0\">\n\t\t\t\t\t\t<i aria-hidden=\"true\" class=\"eicon-chevron-left\"><\/i>\t\t\t\t\t<\/div>\n\t\t\t\t\t<div class=\"elementor-swiper-button elementor-swiper-button-next\" role=\"button\" tabindex=\"0\">\n\t\t\t\t\t\t<i aria-hidden=\"true\" class=\"eicon-chevron-right\"><\/i>\t\t\t\t\t<\/div>\n\t\t\t\t\n\t\t\t\t\t\t\t\t\t<\/div>\n\t\t\t\t\t\t<\/div>\n\t\t\t\t<\/div>\n\t\t\t\t\t<\/div>\n\t\t<\/div>\n\t\t\t\t\t<\/div>\n\t\t<\/section>\n\t\t\t\t<section class=\"elementor-section elementor-top-section elementor-element elementor-element-088f44a elementor-section-boxed elementor-section-height-default elementor-section-height-default\" data-id=\"088f44a\" data-element_type=\"section\">\n\t\t\t\t\t\t<div class=\"elementor-container elementor-column-gap-default\">\n\t\t\t\t\t<div class=\"elementor-column elementor-col-66 elementor-top-column elementor-element elementor-element-414d455\" data-id=\"414d455\" data-element_type=\"column\">\n\t\t\t<div class=\"elementor-widget-wrap elementor-element-populated\">\n\t\t\t\t\t\t<div class=\"elementor-element elementor-element-444795e elementor-widget elementor-widget-heading\" data-id=\"444795e\" data-element_type=\"widget\" data-widget_type=\"heading.default\">\n\t\t\t\t<div class=\"elementor-widget-container\">\n\t\t\t\t\t<h2 class=\"elementor-heading-title elementor-size-default\">Du willst einen Kurs oder Workshop anbieten? Einfach nur proben? Oder den Raum anderweitig nutzen? <br><\/h2>\t\t\t\t<\/div>\n\t\t\t\t<\/div>\n\t\t\t\t<div class=\"elementor-element elementor-element-80ce5b8 elementor-widget elementor-widget-text-editor\" data-id=\"80ce5b8\" data-element_type=\"widget\" data-widget_type=\"text-editor.default\">\n\t\t\t\t<div class=\"elementor-widget-container\">\n\t\t\t\t\t\t\t\t\t<p>Wir bieten<b> Slots f\u00fcr Proben, regelm\u00e4\u00dfige Kurse und Workshops zu unterschiedlichen Konditionen<\/b> an. Experimentelle Formate und Individuen\/Kollektive mit eingeschr\u00e4nkten finanziellen M\u00f6glichkeiten unterst\u00fctzen wir mit <strong>Solitarifen<\/strong>.<\/p><p>Weitere <b>Infos<\/b> und alle <strong>aktuellen Preise<\/strong> findet ihr auf der \u21d2\u00a0 <a href=\"https:\/\/www.bewegungsraum-gaengeviertel.de\/\"><span style=\"text-decoration: underline;\"><strong>Website des Bewegungsraums.<\/strong><\/span><\/a><\/p><p>Bei Anfragen jeglicher Art schickt bitte eine kurze Beschreibung eures Vorhabens und eine Selbsteinsch\u00e4tzung eurer finanziellen M\u00f6glichkeiten per Mail.<\/p>\t\t\t\t\t\t\t\t<\/div>\n\t\t\t\t<\/div>\n\t\t\t\t<div class=\"elementor-element elementor-element-ecc1d1e elementor-widget elementor-widget-spacer\" data-id=\"ecc1d1e\" data-element_type=\"widget\" data-widget_type=\"spacer.default\">\n\t\t\t\t<div class=\"elementor-widget-container\">\n\t\t\t\t\t\t\t<div class=\"elementor-spacer\">\n\t\t\t<div class=\"elementor-spacer-inner\"><\/div>\n\t\t<\/div>\n\t\t\t\t\t\t<\/div>\n\t\t\t\t<\/div>\n\t\t\t\t\t<\/div>\n\t\t<\/div>\n\t\t\t\t<div class=\"elementor-column elementor-col-33 elementor-top-column elementor-element elementor-element-0241e69\" data-id=\"0241e69\" data-element_type=\"column\">\n\t\t\t<div class=\"elementor-widget-wrap elementor-element-populated\">\n\t\t\t\t\t\t<div class=\"elementor-element elementor-element-0c03069 elementor-widget elementor-widget-image\" data-id=\"0c03069\" data-element_type=\"widget\" data-widget_type=\"image.default\">\n\t\t\t\t<div class=\"elementor-widget-container\">\n\t\t\t\t\t\t\t\t\t\t\t\t\t\t\t\t<a href=\"https:\/\/www.bewegungsraum-gaengeviertel.de\/\">\n\t\t\t\t\t\t\t<img decoding=\"async\" width=\"179\" height=\"178\" src=\"https:\/\/fabrique.gaengeviertel.de\/wp-content\/uploads\/2020\/04\/bewegungsraum.png\" class=\"attachment-medium_large size-medium_large wp-image-340\" alt=\"\" srcset=\"https:\/\/fabrique.gaengeviertel.de\/wp-content\/uploads\/2020\/04\/bewegungsraum.png 179w, https:\/\/fabrique.gaengeviertel.de\/wp-content\/uploads\/2020\/04\/bewegungsraum-150x150.png 150w\" sizes=\"(max-width: 179px) 100vw, 179px\" \/>\t\t\t\t\t\t\t\t<\/a>\n\t\t\t\t\t\t\t\t\t\t\t\t\t\t\t<\/div>\n\t\t\t\t<\/div>\n\t\t\t\t<div class=\"elementor-element elementor-element-319e572 elementor-shape-rounded elementor-grid-0 e-grid-align-center elementor-widget elementor-widget-social-icons\" data-id=\"319e572\" data-element_type=\"widget\" data-widget_type=\"social-icons.default\">\n\t\t\t\t<div class=\"elementor-widget-container\">\n\t\t\t\t\t\t\t<div class=\"elementor-social-icons-wrapper elementor-grid\" role=\"list\">\n\t\t\t\t\t\t\t<span class=\"elementor-grid-item\" role=\"listitem\">\n\t\t\t\t\t<a class=\"elementor-icon elementor-social-icon elementor-social-icon-envelope elementor-repeater-item-63372c8\" href=\"mailto:bewegungsraum@das-gaengeviertel.info\" target=\"_blank\">\n\t\t\t\t\t\t<span class=\"elementor-screen-only\">Envelope<\/span>\n\t\t\t\t\t\t<i aria-hidden=\"true\" class=\"far fa-envelope\"><\/i>\t\t\t\t\t<\/a>\n\t\t\t\t<\/span>\n\t\t\t\t\t\t\t<span class=\"elementor-grid-item\" role=\"listitem\">\n\t\t\t\t\t<a class=\"elementor-icon elementor-social-icon elementor-social-icon-facebook elementor-repeater-item-d5b13a6\" href=\"https:\/\/www.facebook.com\/derbewegungsraum\/\" target=\"_blank\">\n\t\t\t\t\t\t<span class=\"elementor-screen-only\">Facebook<\/span>\n\t\t\t\t\t\t<i aria-hidden=\"true\" class=\"fab fa-facebook\"><\/i>\t\t\t\t\t<\/a>\n\t\t\t\t<\/span>\n\t\t\t\t\t\t\t<span class=\"elementor-grid-item\" role=\"listitem\">\n\t\t\t\t\t<a class=\"elementor-icon elementor-social-icon elementor-social-icon-link elementor-repeater-item-19a20df\" href=\"https:\/\/www.bewegungsraum-gaengeviertel.de\/\" target=\"_blank\">\n\t\t\t\t\t\t<span class=\"elementor-screen-only\">Link<\/span>\n\t\t\t\t\t\t<i aria-hidden=\"true\" class=\"fas fa-link\"><\/i>\t\t\t\t\t<\/a>\n\t\t\t\t<\/span>\n\t\t\t\t\t<\/div>\n\t\t\t\t\t\t<\/div>\n\t\t\t\t<\/div>\n\t\t\t\t\t<\/div>\n\t\t<\/div>\n\t\t\t\t\t<\/div>\n\t\t<\/section>\n\t\t\t\t<\/div>\n\t\t","protected":false},"excerpt":{"rendered":"<p>Der Bewegungsraum ist ein offener Raum f\u00fcr jede Form von Tanz, Bewegung und K\u00f6rpertraining Der Bewegungsraum hat sich als offener, selbstverwalteter Trainings- und Proberaum seit [&#8230;]<\/p>\n","protected":false},"author":2,"featured_media":0,"parent":0,"menu_order":0,"comment_status":"closed","ping_status":"closed","template":"","meta":{"footnotes":""},"class_list":["post-25","page","type-page","status-publish","hentry"],"_links":{"self":[{"href":"https:\/\/fabrique.gaengeviertel.de\/index.php\/wp-json\/wp\/v2\/pages\/25","targetHints":{"allow":["GET"]}}],"collection":[{"href":"https:\/\/fabrique.gaengeviertel.de\/index.php\/wp-json\/wp\/v2\/pages"}],"about":[{"href":"https:\/\/fabrique.gaengeviertel.de\/index.php\/wp-json\/wp\/v2\/types\/page"}],"author":[{"embeddable":true,"href":"https:\/\/fabrique.gaengeviertel.de\/index.php\/wp-json\/wp\/v2\/users\/2"}],"replies":[{"embeddable":true,"href":"https:\/\/fabrique.gaengeviertel.de\/index.php\/wp-json\/wp\/v2\/comments?post=25"}],"version-history":[{"count":50,"href":"https:\/\/fabrique.gaengeviertel.de\/index.php\/wp-json\/wp\/v2\/pages\/25\/revisions"}],"predecessor-version":[{"id":1085,"href":"https:\/\/fabrique.gaengeviertel.de\/index.php\/wp-json\/wp\/v2\/pages\/25\/revisions\/1085"}],"wp:attachment":[{"href":"https:\/\/fabrique.gaengeviertel.de\/index.php\/wp-json\/wp\/v2\/media?parent=25"}],"curies":[{"name":"wp","href":"https:\/\/api.w.org\/{rel}","templated":true}]}}