{"id":65,"date":"2020-03-26T10:24:22","date_gmt":"2020-03-26T10:24:22","guid":{"rendered":"https:\/\/fabrique.gaengeviertel.de\/?page_id=65"},"modified":"2025-03-25T15:16:57","modified_gmt":"2025-03-25T15:16:57","slug":"fabrique","status":"publish","type":"page","link":"https:\/\/fabrique.gaengeviertel.de\/index.php\/fabrique\/","title":{"rendered":"Die Fabrique"},"content":{"rendered":"\t\t<div data-elementor-type=\"wp-page\" data-elementor-id=\"65\" class=\"elementor elementor-65\">\n\t\t\t\t\t\t<section class=\"elementor-section elementor-top-section elementor-element elementor-element-1f54fce elementor-section-boxed elementor-section-height-default elementor-section-height-default\" data-id=\"1f54fce\" data-element_type=\"section\">\n\t\t\t\t\t\t<div class=\"elementor-container elementor-column-gap-default\">\n\t\t\t\t\t<div class=\"elementor-column elementor-col-100 elementor-top-column elementor-element elementor-element-60f9727\" data-id=\"60f9727\" data-element_type=\"column\">\n\t\t\t<div class=\"elementor-widget-wrap elementor-element-populated\">\n\t\t\t\t\t\t<div class=\"elementor-element elementor-element-6244e69 elementor-widget elementor-widget-heading\" data-id=\"6244e69\" data-element_type=\"widget\" data-widget_type=\"heading.default\">\n\t\t\t\t<div class=\"elementor-widget-container\">\n\t\t\t\t\t<h2 class=\"elementor-heading-title elementor-size-default\">Die FABRIQUE ist das Herzst\u00fcck des G\u00e4ngeviertels und ein kultureller Freiraum f\u00fcr Musik, Kunst, Kultur, Politik, Bildung und Soziales.<\/h2>\t\t\t\t<\/div>\n\t\t\t\t<\/div>\n\t\t\t\t<div class=\"elementor-element elementor-element-68e342c elementor-widget elementor-widget-spacer\" data-id=\"68e342c\" data-element_type=\"widget\" data-widget_type=\"spacer.default\">\n\t\t\t\t<div class=\"elementor-widget-container\">\n\t\t\t\t\t\t\t<div class=\"elementor-spacer\">\n\t\t\t<div class=\"elementor-spacer-inner\"><\/div>\n\t\t<\/div>\n\t\t\t\t\t\t<\/div>\n\t\t\t\t<\/div>\n\t\t\t\t\t<\/div>\n\t\t<\/div>\n\t\t\t\t\t<\/div>\n\t\t<\/section>\n\t\t\t\t<section class=\"elementor-section elementor-top-section elementor-element elementor-element-369d3a7 elementor-section-boxed elementor-section-height-default elementor-section-height-default\" data-id=\"369d3a7\" data-element_type=\"section\">\n\t\t\t\t\t\t<div class=\"elementor-container elementor-column-gap-default\">\n\t\t\t\t\t<div class=\"elementor-column elementor-col-50 elementor-top-column elementor-element elementor-element-50c5c55\" data-id=\"50c5c55\" data-element_type=\"column\">\n\t\t\t<div class=\"elementor-widget-wrap elementor-element-populated\">\n\t\t\t\t\t\t<div class=\"elementor-element elementor-element-30448cc elementor-widget elementor-widget-image\" data-id=\"30448cc\" data-element_type=\"widget\" data-widget_type=\"image.default\">\n\t\t\t\t<div class=\"elementor-widget-container\">\n\t\t\t\t\t\t\t\t\t\t\t\t\t\t\t<img fetchpriority=\"high\" decoding=\"async\" width=\"800\" height=\"547\" src=\"https:\/\/fabrique.gaengeviertel.de\/wp-content\/uploads\/2020\/04\/Faesecke@GV-0202website.jpg\" class=\"attachment-large size-large wp-image-495\" alt=\"\" srcset=\"https:\/\/fabrique.gaengeviertel.de\/wp-content\/uploads\/2020\/04\/Faesecke@GV-0202website.jpg 931w, https:\/\/fabrique.gaengeviertel.de\/wp-content\/uploads\/2020\/04\/Faesecke@GV-0202website-300x205.jpg 300w, https:\/\/fabrique.gaengeviertel.de\/wp-content\/uploads\/2020\/04\/Faesecke@GV-0202website-768x525.jpg 768w\" sizes=\"(max-width: 800px) 100vw, 800px\" \/>\t\t\t\t\t\t\t\t\t\t\t\t\t\t\t<\/div>\n\t\t\t\t<\/div>\n\t\t\t\t\t<\/div>\n\t\t<\/div>\n\t\t\t\t<div class=\"elementor-column elementor-col-50 elementor-top-column elementor-element elementor-element-e65bef0\" data-id=\"e65bef0\" data-element_type=\"column\">\n\t\t\t<div class=\"elementor-widget-wrap elementor-element-populated\">\n\t\t\t\t\t\t<div class=\"elementor-element elementor-element-4b916dd elementor-widget elementor-widget-text-editor\" data-id=\"4b916dd\" data-element_type=\"widget\" data-widget_type=\"text-editor.default\">\n\t\t\t\t<div class=\"elementor-widget-container\">\n\t\t\t\t\t\t\t\t\t<p>In den f\u00fcnf Geschossen des 1903 erbauten Geb\u00e4udes gibt es jeweils zwei Nutzungseinheiten zwischen je 100 und 130 Quadratmetern. Genutzt werden sie als <a href=\"https:\/\/fabrique.gaengeviertel.de\/index.php\/keller\/\">Proberaum<\/a>, <a href=\"https:\/\/fabrique.gaengeviertel.de\/index.php\/saal\/\">Veranstaltungs- und Konzertfl\u00e4che<\/a>, <a href=\"https:\/\/fabrique.gaengeviertel.de\/index.php\/mom-art-space\/\">Kunst- und Ausstellungsraum<\/a>, <a href=\"https:\/\/fabrique.gaengeviertel.de\/index.php\/farbfabrique\/\">Kunstwerkstatt f\u00fcr u.A. Sieb- und Risodruck<\/a>, <a href=\"https:\/\/fabrique.gaengeviertel.de\/index.php\/amargi\/\">K\u00fcche und Projektraum<\/a>, <a href=\"https:\/\/fabrique.gaengeviertel.de\/index.php\/freies-sender-kombinat\/\">Radiosender<\/a>, <a href=\"https:\/\/fabrique.gaengeviertel.de\/index.php\/bewegungsraum\/\">Bewegungsraum<\/a>, <a href=\"https:\/\/fabrique.gaengeviertel.de\/index.php\/probebuehne\/\">Probeb\u00fchne<\/a>, <a href=\"https:\/\/fabrique.gaengeviertel.de\/index.php\/fotofabrique\/\">Fotostudio<\/a> und <a href=\"https:\/\/fabrique.gaengeviertel.de\/index.php\/seminarraum\/\">Seminarraum<\/a>.<\/p>\n<p>Mit dem Konzept werden unter anderem professionelle K\u00fcnstlerInnen und Kulturschaffende angesprochen, denen die FABRIQUE einen Arbeits- oder Pr\u00e4sentationsort bietet. Laien wird die M\u00f6glichkeit zum Ausprobieren und Lernen gegeben und sozialen Gruppen und Projekte k\u00f6nnen hier Raum f\u00fcr ihre Treffen finden.<\/p>\t\t\t\t\t\t\t\t<\/div>\n\t\t\t\t<\/div>\n\t\t\t\t\t<\/div>\n\t\t<\/div>\n\t\t\t\t\t<\/div>\n\t\t<\/section>\n\t\t\t\t<section class=\"elementor-section elementor-top-section elementor-element elementor-element-7907233 elementor-section-boxed elementor-section-height-default elementor-section-height-default\" data-id=\"7907233\" data-element_type=\"section\">\n\t\t\t\t\t\t<div class=\"elementor-container elementor-column-gap-default\">\n\t\t\t\t\t<div class=\"elementor-column elementor-col-50 elementor-top-column elementor-element elementor-element-94958f5\" data-id=\"94958f5\" data-element_type=\"column\">\n\t\t\t<div class=\"elementor-widget-wrap elementor-element-populated\">\n\t\t\t\t\t\t<div class=\"elementor-element elementor-element-8608bf9 elementor-widget elementor-widget-text-editor\" data-id=\"8608bf9\" data-element_type=\"widget\" data-widget_type=\"text-editor.default\">\n\t\t\t\t<div class=\"elementor-widget-container\">\n\t\t\t\t\t\t\t\t\t<p><\/p>\n<p>Alle Fl\u00e4chen erm\u00f6glichen zudem unkommerzielle, offene Kunst-, Kultur- und Bildungsangebote und k\u00f6nnen f\u00fcr solche angemietet werden \u2013 die Mietpreise aller R\u00e4ume sind gestaffelt je nach finanziellen M\u00f6glichkeiten und Zielgruppen.<\/p>\n<p><\/p>\t\t\t\t\t\t\t\t<\/div>\n\t\t\t\t<\/div>\n\t\t\t\t<div class=\"elementor-element elementor-element-ade316b elementor-widget elementor-widget-heading\" data-id=\"ade316b\" data-element_type=\"widget\" data-widget_type=\"heading.default\">\n\t\t\t\t<div class=\"elementor-widget-container\">\n\t\t\t\t\t<h2 class=\"elementor-heading-title elementor-size-default\">Zahle, was es Dir wert ist: Feste Eintritts- und Getr\u00e4nkepreise gibt es bei uns nicht.<\/h2>\t\t\t\t<\/div>\n\t\t\t\t<\/div>\n\t\t\t\t<div class=\"elementor-element elementor-element-7b642ca elementor-widget elementor-widget-text-editor\" data-id=\"7b642ca\" data-element_type=\"widget\" data-widget_type=\"text-editor.default\">\n\t\t\t\t<div class=\"elementor-widget-container\">\n\t\t\t\t\t\t\t\t\t<p><\/p>\n<p>Damit steht die Fabrique f\u00fcr einen niedrigschwelligen Zugang zu kultureller und politischer Bildung, zu Kunst und Kultur \u2013 f\u00fcr eine Stadt f\u00fcr alle. Betrieben wird dieses <a href=\"http:\/\/das-gaengeviertel.info\/\"><img decoding=\"async\" class=\"size-full wp-image-513 alignleft\" src=\"https:\/\/fabrique.gaengeviertel.de\/wp-content\/uploads\/2020\/04\/GV_LOGO-300dpi_50mm_CMYK-e1587385592177.png\" alt=\"\" width=\"200\" height=\"200\" \/><\/a>vielseitige Haus von der <a href=\"http:\/\/das-gaengeviertel.info\/\">Initiative &#8218;Komm in die G\u00e4nge&#8216; des Verein G\u00e4ngeviertel e.V.<\/a> und vielen weiteren Freiwilligen, Initiativen und Vereinen; verwaltet wird die FABRIQUE von der <a href=\"http:\/\/gaengeviertel-eg.de\/\">G\u00e4ngeviertel Genossenschaft 2010 eG<\/a>. <a href=\"http:\/\/gaengeviertel-eg.de\/\"><img decoding=\"async\" class=\"size-full wp-image-517 alignright\" src=\"https:\/\/fabrique.gaengeviertel.de\/wp-content\/uploads\/2020\/04\/eg-Logo-wei\u00dfer-Hintergrund-e1587389236684.jpg\" alt=\"\" width=\"200\" height=\"49\" \/><\/a><\/p>\n<p><\/p>\t\t\t\t\t\t\t\t<\/div>\n\t\t\t\t<\/div>\n\t\t\t\t\t<\/div>\n\t\t<\/div>\n\t\t\t\t<div class=\"elementor-column elementor-col-50 elementor-top-column elementor-element elementor-element-f9bfe82\" data-id=\"f9bfe82\" data-element_type=\"column\">\n\t\t\t<div class=\"elementor-widget-wrap elementor-element-populated\">\n\t\t\t\t\t\t<div class=\"elementor-element elementor-element-469ffae elementor-arrows-position-inside elementor-widget elementor-widget-image-carousel\" data-id=\"469ffae\" data-element_type=\"widget\" data-settings=\"{&quot;slides_to_show&quot;:&quot;1&quot;,&quot;navigation&quot;:&quot;arrows&quot;,&quot;autoplay&quot;:&quot;no&quot;,&quot;infinite&quot;:&quot;no&quot;,&quot;effect&quot;:&quot;slide&quot;,&quot;speed&quot;:500}\" data-widget_type=\"image-carousel.default\">\n\t\t\t\t<div class=\"elementor-widget-container\">\n\t\t\t\t\t\t\t<div class=\"elementor-image-carousel-wrapper swiper\" role=\"region\" aria-roledescription=\"carousel\" aria-label=\"Bild Karussell\" dir=\"ltr\">\n\t\t\t<div class=\"elementor-image-carousel swiper-wrapper\" aria-live=\"polite\">\n\t\t\t\t\t\t\t\t<div class=\"swiper-slide\" role=\"group\" aria-roledescription=\"slide\" aria-label=\"1 von 2\"><figure class=\"swiper-slide-inner\"><img decoding=\"async\" class=\"swiper-slide-image\" src=\"https:\/\/fabrique.gaengeviertel.de\/wp-content\/uploads\/2020\/04\/16.03.08_GV_Fabrik_186_website.jpg\" alt=\"Copyright: Franziska Holz\" \/><\/figure><\/div><div class=\"swiper-slide\" role=\"group\" aria-roledescription=\"slide\" aria-label=\"2 von 2\"><figure class=\"swiper-slide-inner\"><img decoding=\"async\" class=\"swiper-slide-image\" src=\"https:\/\/fabrique.gaengeviertel.de\/wp-content\/uploads\/2020\/04\/fabrik_lookinside_sketch_02_klein.jpg\" alt=\"Bild: Markus Mross\" \/><\/figure><\/div>\t\t\t<\/div>\n\t\t\t\t\t\t\t\t\t\t\t\t<div class=\"elementor-swiper-button elementor-swiper-button-prev\" role=\"button\" tabindex=\"0\">\n\t\t\t\t\t\t<i aria-hidden=\"true\" class=\"eicon-chevron-left\"><\/i>\t\t\t\t\t<\/div>\n\t\t\t\t\t<div class=\"elementor-swiper-button elementor-swiper-button-next\" role=\"button\" tabindex=\"0\">\n\t\t\t\t\t\t<i aria-hidden=\"true\" class=\"eicon-chevron-right\"><\/i>\t\t\t\t\t<\/div>\n\t\t\t\t\n\t\t\t\t\t\t\t\t\t<\/div>\n\t\t\t\t\t\t<\/div>\n\t\t\t\t<\/div>\n\t\t\t\t\t<\/div>\n\t\t<\/div>\n\t\t\t\t\t<\/div>\n\t\t<\/section>\n\t\t\t\t<section class=\"elementor-section elementor-top-section elementor-element elementor-element-459cbbd elementor-section-boxed elementor-section-height-default elementor-section-height-default\" data-id=\"459cbbd\" data-element_type=\"section\">\n\t\t\t\t\t\t<div class=\"elementor-container elementor-column-gap-default\">\n\t\t\t\t\t<div class=\"elementor-column elementor-col-100 elementor-top-column elementor-element elementor-element-35c0c0c\" data-id=\"35c0c0c\" data-element_type=\"column\">\n\t\t\t<div class=\"elementor-widget-wrap elementor-element-populated\">\n\t\t\t\t\t\t<div class=\"elementor-element elementor-element-5f28ac5 elementor-widget-divider--view-line elementor-widget elementor-widget-divider\" data-id=\"5f28ac5\" data-element_type=\"widget\" data-widget_type=\"divider.default\">\n\t\t\t\t<div class=\"elementor-widget-container\">\n\t\t\t\t\t\t\t<div class=\"elementor-divider\">\n\t\t\t<span class=\"elementor-divider-separator\">\n\t\t\t\t\t\t<\/span>\n\t\t<\/div>\n\t\t\t\t\t\t<\/div>\n\t\t\t\t<\/div>\n\t\t\t\t<div class=\"elementor-element elementor-element-c4fa8d5 elementor-widget elementor-widget-text-editor\" data-id=\"c4fa8d5\" data-element_type=\"widget\" data-widget_type=\"text-editor.default\">\n\t\t\t\t<div class=\"elementor-widget-container\">\n\t\t\t\t\t\t\t\t\t<p>Im Rahmen des F\u00f6rderprogramms NEUSTART KULTUR\u00a0 Zentren und Programm wurde die Fabrique gef\u00f6rdert von:<\/p>\n<p><a href=\"www.kulturstaatsministerin.de\"><img loading=\"lazy\" decoding=\"async\" class=\"alignnone wp-image-729 size-medium\" src=\"https:\/\/fabrique.gaengeviertel.de\/wp-content\/uploads\/2021\/04\/bkm_office_farbe_de_wbz_1-300x123.jpg\" alt=\"\" width=\"300\" height=\"123\" \/> <\/a><a href=\"www.kulturstaatsministerin.de\"><img loading=\"lazy\" decoding=\"async\" class=\"alignnone wp-image-730 size-full\" src=\"https:\/\/fabrique.gaengeviertel.de\/wp-content\/uploads\/2021\/04\/bundesverbandsoziokultur-e1618318542575.png\" alt=\"\" width=\"160\" height=\"92\" \/>\u00a0 \u00a0 \u00a0 \u00a0 \u00a0 \u00a0 \u00a0 \u00a0<\/a><a href=\"http:\/\/www.soziokultur.de\"><img loading=\"lazy\" decoding=\"async\" class=\"alignnone wp-image-733 size-full\" src=\"https:\/\/fabrique.gaengeviertel.de\/wp-content\/uploads\/2021\/04\/BVS_nk2_Logo_RGB_nk2-e1618318581799.png\" alt=\"\" width=\"160\" height=\"100\" \/><\/a> \u00a0 \u00a0 \u00a0<a href=\"http:\/\/www.soziokultur.de\"><img loading=\"lazy\" decoding=\"async\" class=\"alignnone wp-image-732 size-full\" src=\"https:\/\/fabrique.gaengeviertel.de\/wp-content\/uploads\/2021\/04\/BVS_nk_Logo-e1618318791402.png\" alt=\"\" width=\"201\" height=\"89\" \/><\/a>\u00a0 \u00a0 \u00a0<img loading=\"lazy\" decoding=\"async\" class=\"alignnone wp-image-734 size-full\" src=\"https:\/\/fabrique.gaengeviertel.de\/wp-content\/uploads\/2021\/04\/bkm_neustart_kultur_wortmarke_neg_rgb_rz-e1618318855413.png\" alt=\"\" width=\"130\" height=\"127\" \/><\/p>\t\t\t\t\t\t\t\t<\/div>\n\t\t\t\t<\/div>\n\t\t\t\t\t<\/div>\n\t\t<\/div>\n\t\t\t\t\t<\/div>\n\t\t<\/section>\n\t\t\t\t<section class=\"elementor-section elementor-top-section elementor-element elementor-element-9014421 elementor-section-boxed elementor-section-height-default elementor-section-height-default\" data-id=\"9014421\" data-element_type=\"section\">\n\t\t\t\t\t\t<div class=\"elementor-container elementor-column-gap-default\">\n\t\t\t\t\t<div class=\"elementor-column elementor-col-100 elementor-top-column elementor-element elementor-element-84be681\" data-id=\"84be681\" data-element_type=\"column\">\n\t\t\t<div class=\"elementor-widget-wrap elementor-element-populated\">\n\t\t\t\t\t\t<div class=\"elementor-element elementor-element-c3f4b82 elementor-widget-divider--view-line elementor-widget elementor-widget-divider\" data-id=\"c3f4b82\" data-element_type=\"widget\" data-widget_type=\"divider.default\">\n\t\t\t\t<div class=\"elementor-widget-container\">\n\t\t\t\t\t\t\t<div class=\"elementor-divider\">\n\t\t\t<span class=\"elementor-divider-separator\">\n\t\t\t\t\t\t<\/span>\n\t\t<\/div>\n\t\t\t\t\t\t<\/div>\n\t\t\t\t<\/div>\n\t\t\t\t<div class=\"elementor-element elementor-element-544baa8 elementor-widget elementor-widget-text-editor\" data-id=\"544baa8\" data-element_type=\"widget\" data-widget_type=\"text-editor.default\">\n\t\t\t\t<div class=\"elementor-widget-container\">\n\t\t\t\t\t\t\t\t\t<p>Die Sanierung und Modernisierung der Fabrique wurde gef\u00f6rdert durch den Europ\u00e4ische Fonds f\u00fcr regionale Entwicklung (EFRE) und die St\u00e4dtebauf\u00f6rderung des Bundes und der L\u00e4nder. Die Arbeit des Vereins G\u00e4ngeviertel e.V. wird gelegentlich aus dem Quartiersfonds des Bezirkes gef\u00f6rdert. Einige Ausstattungsinvestitionen wurden aus Sondermitteln des Bezirkes gef\u00f6rdert.\u00a0<\/p>\n<p><img loading=\"lazy\" decoding=\"async\" class=\"alignnone size-full wp-image-664\" src=\"https:\/\/fabrique.gaengeviertel.de\/wp-content\/uploads\/2020\/04\/EFRE_Foerderhinweis_deutsch_farbig-e1588243230920.jpg\" alt=\"\" width=\"300\" height=\"69\" \/> <img loading=\"lazy\" decoding=\"async\" class=\"size-full wp-image-665 alignleft\" src=\"https:\/\/fabrique.gaengeviertel.de\/wp-content\/uploads\/2020\/04\/Logo_rgb-e1588243311918.jpg\" alt=\"\" width=\"150\" height=\"194\" \/> <img loading=\"lazy\" decoding=\"async\" class=\"size-full wp-image-667 alignleft\" src=\"https:\/\/fabrique.gaengeviertel.de\/wp-content\/uploads\/2020\/04\/logo-hamburg-perlen-panoram-e1588243762430.jpg\" alt=\"\" width=\"267\" height=\"150\" \/> \u00a0 \u00a0 \u00a0 \u00a0 \u00a0 <img loading=\"lazy\" decoding=\"async\" class=\"alignnone wp-image-669\" src=\"https:\/\/fabrique.gaengeviertel.de\/wp-content\/uploads\/2020\/04\/BezirkMitte_gefordert-_Logo-e1588243915574.jpg\" alt=\"\" width=\"343\" height=\"110\" \/><\/p>\t\t\t\t\t\t\t\t<\/div>\n\t\t\t\t<\/div>\n\t\t\t\t\t<\/div>\n\t\t<\/div>\n\t\t\t\t\t<\/div>\n\t\t<\/section>\n\t\t\t\t<\/div>\n\t\t","protected":false},"excerpt":{"rendered":"<p>Die FABRIQUE ist das Herzst\u00fcck des G\u00e4ngeviertels und ein kultureller Freiraum f\u00fcr Musik, Kunst, Kultur, Politik, Bildung und Soziales. In den f\u00fcnf Geschossen des 1903 [&#8230;]<\/p>\n","protected":false},"author":2,"featured_media":710,"parent":0,"menu_order":0,"comment_status":"closed","ping_status":"closed","template":"","meta":{"footnotes":""},"class_list":["post-65","page","type-page","status-publish","has-post-thumbnail","hentry"],"_links":{"self":[{"href":"https:\/\/fabrique.gaengeviertel.de\/index.php\/wp-json\/wp\/v2\/pages\/65","targetHints":{"allow":["GET"]}}],"collection":[{"href":"https:\/\/fabrique.gaengeviertel.de\/index.php\/wp-json\/wp\/v2\/pages"}],"about":[{"href":"https:\/\/fabrique.gaengeviertel.de\/index.php\/wp-json\/wp\/v2\/types\/page"}],"author":[{"embeddable":true,"href":"https:\/\/fabrique.gaengeviertel.de\/index.php\/wp-json\/wp\/v2\/users\/2"}],"replies":[{"embeddable":true,"href":"https:\/\/fabrique.gaengeviertel.de\/index.php\/wp-json\/wp\/v2\/comments?post=65"}],"version-history":[{"count":33,"href":"https:\/\/fabrique.gaengeviertel.de\/index.php\/wp-json\/wp\/v2\/pages\/65\/revisions"}],"predecessor-version":[{"id":741,"href":"https:\/\/fabrique.gaengeviertel.de\/index.php\/wp-json\/wp\/v2\/pages\/65\/revisions\/741"}],"wp:featuredmedia":[{"embeddable":true,"href":"https:\/\/fabrique.gaengeviertel.de\/index.php\/wp-json\/wp\/v2\/media\/710"}],"wp:attachment":[{"href":"https:\/\/fabrique.gaengeviertel.de\/index.php\/wp-json\/wp\/v2\/media?parent=65"}],"curies":[{"name":"wp","href":"https:\/\/api.w.org\/{rel}","templated":true}]}}